{"id":2006,"date":"2019-03-27T12:28:55","date_gmt":"2019-03-27T11:28:55","guid":{"rendered":"https:\/\/www.hotel-la-laguna.com\/ort-und-umgebung\/"},"modified":"2024-02-29T20:16:59","modified_gmt":"2024-02-29T19:16:59","slug":"ort-und-umgebung","status":"publish","type":"page","link":"https:\/\/www.apartment-lalaguna.com\/es\/ort-und-umgebung\/","title":{"rendered":"El pueblo y sus alrededores"},"content":{"rendered":"<div class=\"wpb-content-wrapper\"><p>[vc_row row_height_percent=\u00bb0&#8243; override_padding=\u00bbyes\u00bb h_padding=\u00bb2&#8243; top_padding=\u00bb2&#8243; bottom_padding=\u00bb5&#8243; overlay_alpha=\u00bb10&#8243; gutter_size=\u00bb4&#8243; column_width_percent=\u00bb100&#8243; shift_y=\u00bb0&#8243; z_index=\u00bb0&#8243;][vc_column column_width_percent=\u00bb100&#8243; align_horizontal=\u00bbalign_center\u00bb gutter_size=\u00bb3&#8243; overlay_alpha=\u00bb50&#8243; shift_x=\u00bb0&#8243; shift_y=\u00bb0&#8243; shift_y_down=\u00bb0&#8243; z_index=\u00bb0&#8243; medium_width=\u00bb0&#8243; mobile_width=\u00bb0&#8243; width=\u00bb1\/2&#8243;][vc_column_text el_class=\u00bbkolumnen\u00bb uncode_shortcode_id=\u00bb125158&#8243;]Fuente de Piedra es un t\u00edpico pueblo andaluz de la provincia de M\u00e1laga. En este tranquilo e id\u00edlico pueblo, podr\u00e1 vivir la Andaluc\u00eda tradicional lejos del turismo de masas. El centro hist\u00f3rico de la ciudad est\u00e1 rodeado de<br \/>\nEl centro de la ciudad est\u00e1 adornado con edificios neocl\u00e1sicos con detalles de hierro y la fuente de piedra \u00abFuente de la Piedra\u00bb y la iglesia parroquial \u00abNuestra Se\u00f1ora de las Virtudes\u00bb son verdaderos puntos culminantes de la ciudad. Se organizan varios festivales varias veces al a\u00f1o,<br \/>\nque le sumergir\u00e1n en la cultura tradicional de Andaluc\u00eda.<\/p>\n<p>El punto culminante de la regi\u00f3n es la laguna de agua salada del mismo nombre, a la que se llega en pocos kil\u00f3metros. Aqu\u00ed se puede observar una gran variedad de aves durante todo el a\u00f1o. En primavera (entre marzo y junio), la laguna se convierte en el mayor criadero de flamencos rosas de Espa\u00f1a. Aqu\u00ed se congregan m\u00e1s de 50.000 flamencos, que pueden observarse f\u00e1cilmente desde varios miradores. Tambi\u00e9n hay varias rutas de senderismo y ciclismo alrededor de la laguna.<\/p>\n<p>Uno de los pueblos vin\u00edcolas m\u00e1s famosos de Andaluc\u00eda, el vi\u00f1edo Vistahermosa, de 250 hect\u00e1reas, tambi\u00e9n se encuentra cerca. En las Bodegas de M\u00e1laga Virgen, los amantes del vino sacan partido a su dinero y pueden<br \/>\ndegustar los vinos que all\u00ed se cultivan.<\/p>\n<p>Fuente de Piedra goza de una ubicaci\u00f3n muy c\u00e9ntrica en Andaluc\u00eda, por lo que es el punto de partida perfecto para explorar los lugares m\u00e1s famosos de Andaluc\u00eda sin tener que cambiar constantemente de hotel.[\/vc_column_text][\/vc_column][vc_column column_width_percent=\u00bb100&#8243; align_horizontal=\u00bbalign_center\u00bb gutter_size=\u00bb4&#8243; overlay_alpha=\u00bb50&#8243; shift_x=\u00bb0&#8243; shift_y=\u00bb0&#8243; shift_y_down=\u00bb0&#8243; z_index=\u00bb0&#8243; medium_width=\u00bb0&#8243; mobile_width=\u00bb0&#8243; width=\u00bb1\/2&#8243;][vc_gallery el_id=\u00bbgallery-187435&#8243; medias=\u00bb1833&#8243; gutter_size=\u00bb1&#8243; media_items=\u00bbmedia|lightbox|original,icon|md,title\u00bb screen_lg=\u00bb1000&#8243; screen_md=\u00bb600&#8243; screen_sm=\u00bb250&#8243; single_width=\u00bb12&#8243; images_size=\u00bbsixteen-nine\u00bb single_style=\u00bbdark\u00bb single_overlay_color=\u00bbcolor-xsdn\u00bb single_overlay_opacity=\u00bb95&#8243; single_text_anim_type=\u00bbbtt\u00bb single_h_align=\u00bbcenter\u00bb single_padding=\u00bb2&#8243; single_title_family=\u00bbfont-197640&#8243; single_title_dimension=\u00bbh3&#8243; single_title_weight=\u00bb400&#8243; single_title_transform=\u00bbuppercase\u00bb single_icon=\u00bbfa fa-plus2&#8243; single_border=\u00bbyes\u00bb single_css_animation=\u00bbzoom-in\u00bb single_animation_speed=\u00bb800&#8243; single_animation_delay=\u00bb200&#8243; lbox_caption=\u00bbyes\u00bb single_image_anim_move=\u00bbyes\u00bb][vc_column_text]<strong>Ronda<\/strong> a 80 km, <strong>Sevilla<\/strong> a 140 km, <strong>Granada<\/strong> a 110 km, <strong>M\u00e1laga<\/strong> a 70 km, <strong>C\u00f3rdoba<\/strong> a 120 km, <strong>Antequera<\/strong> a 15 km, <strong>Mijas<\/strong> a 100 km, <strong>Parque Natural El Torcal<\/strong>a 40 km, <strong>Caminito del Rey<\/strong> a 40 km, <strong>Embalses de Ardales<\/strong> a 45 km.[\/vc_column_text][\/vc_column][\/vc_row][vc_row row_height_percent=\u00bb0&#8243; override_padding=\u00bbyes\u00bb h_padding=\u00bb2&#8243; top_padding=\u00bb5&#8243; bottom_padding=\u00bb5&#8243; overlay_color=\u00bbcolor-517719&#8243; overlay_alpha=\u00bb100&#8243; gutter_size=\u00bb3&#8243; column_width_percent=\u00bb100&#8243; border_color=\u00bbcolor-xsdn\u00bb border_style=\u00bbsolid\u00bb shift_y=\u00bb0&#8243; z_index=\u00bb0&#8243; css=\u00bb.vc_custom_1561890122846{border-bottom-width: 8px !important;}\u00bb][vc_column column_width_percent=\u00bb100&#8243; align_horizontal=\u00bbalign_center\u00bb gutter_size=\u00bb3&#8243; style=\u00bbdark\u00bb overlay_alpha=\u00bb50&#8243; shift_x=\u00bb0&#8243; shift_y=\u00bb0&#8243; shift_y_down=\u00bb0&#8243; z_index=\u00bb0&#8243; medium_width=\u00bb0&#8243; mobile_width=\u00bb0&#8243; css_animation=\u00bbbottom-t-top\u00bb animation_delay=\u00bb400&#8243; width=\u00bb1\/1&#8243;][vc_custom_heading text_color=\u00bbcolor-xsdn\u00bb text_size=\u00bbh1&#8243;]Informaci\u00f3n sobre Fuente de Piedra de la A &#8211; Z[\/vc_custom_heading][\/vc_column][\/vc_row][vc_row row_height_percent=\u00bb0&#8243; override_padding=\u00bbyes\u00bb h_padding=\u00bb2&#8243; top_padding=\u00bb4&#8243; bottom_padding=\u00bb4&#8243; overlay_color=\u00bbcolor-517719&#8243; overlay_alpha=\u00bb10&#8243; gutter_size=\u00bb3&#8243; column_width_percent=\u00bb100&#8243; border_color=\u00bbcolor-xsdn\u00bb border_style=\u00bbsolid\u00bb shift_y=\u00bb0&#8243; z_index=\u00bb0&#8243; css=\u00bb.vc_custom_1561889796880{border-bottom-width: 6px !important;}\u00bb][vc_column column_width_percent=\u00bb100&#8243; align_horizontal=\u00bbalign_center\u00bb gutter_size=\u00bb3&#8243; overlay_alpha=\u00bb50&#8243; shift_x=\u00bb0&#8243; shift_y=\u00bb-4&#8243; shift_y_down=\u00bb0&#8243; z_index=\u00bb0&#8243; medium_width=\u00bb0&#8243; mobile_width=\u00bb0&#8243; css_animation=\u00bbbottom-t-top\u00bb animation_speed=\u00bb1000&#8243; animation_delay=\u00bb400&#8243; width=\u00bb1\/4&#8243;][vc_custom_heading heading_semantic=\u00bbh3&#8243; text_size=\u00bbbigtext\u00bb]A[\/vc_custom_heading][\/vc_column][vc_column column_width_use_pixel=\u00bbyes\u00bb position_horizontal=\u00bbleft\u00bb gutter_size=\u00bb3&#8243; overlay_alpha=\u00bb50&#8243; shift_x=\u00bb0&#8243; shift_y=\u00bb0&#8243; shift_y_down=\u00bb0&#8243; z_index=\u00bb0&#8243; medium_width=\u00bb0&#8243; mobile_width=\u00bb0&#8243; css_animation=\u00bbbottom-t-top\u00bb animation_speed=\u00bb1000&#8243; animation_delay=\u00bb400&#8243; width=\u00bb3\/4&#8243; column_width_pixel=\u00bb800&#8243;][vc_column_text]<\/p>\n<h3>Farmacia<\/h3>\n<p>Farmacia Mart\u00edn del Pozo, Calle Juan Carlos I, 6<\/p>\n<h3>M\u00e9dico \/ Dentista<\/h3>\n<p><strong>M\u00e9dico:<\/strong><br \/>\nFuente de Piedra Consultorio<br \/>\nCamino Estacion, 16<br \/>\nTel\u00e9fono: +34 952 73 50 01<\/p>\n<p><strong>Dentista:<br \/>\n<\/strong>Cl\u00ednica Dental &#8216;Dental Vida&#8217;<br \/>\nCalle Pepin Acu\u00f1as, 1<br \/>\nTel\u00e9fono: +34 952 73 50 65[\/vc_column_text][\/vc_column][\/vc_row][vc_row row_height_percent=\u00bb0&#8243; override_padding=\u00bbyes\u00bb h_padding=\u00bb2&#8243; top_padding=\u00bb4&#8243; bottom_padding=\u00bb4&#8243; overlay_color=\u00bbcolor-517719&#8243; overlay_alpha=\u00bb5&#8243; gutter_size=\u00bb3&#8243; column_width_percent=\u00bb100&#8243; border_color=\u00bbcolor-xsdn\u00bb border_style=\u00bbsolid\u00bb shift_y=\u00bb0&#8243; z_index=\u00bb0&#8243; css=\u00bb.vc_custom_1561896144508{border-bottom-width: 6px !important;}\u00bb][vc_column column_width_percent=\u00bb100&#8243; align_horizontal=\u00bbalign_center\u00bb gutter_size=\u00bb3&#8243; overlay_alpha=\u00bb50&#8243; shift_x=\u00bb0&#8243; shift_y=\u00bb-4&#8243; shift_y_down=\u00bb0&#8243; z_index=\u00bb0&#8243; medium_width=\u00bb0&#8243; mobile_width=\u00bb0&#8243; css_animation=\u00bbbottom-t-top\u00bb animation_speed=\u00bb1000&#8243; animation_delay=\u00bb400&#8243; width=\u00bb1\/4&#8243;][vc_custom_heading heading_semantic=\u00bbh3&#8243; text_size=\u00bbbigtext\u00bb]E[\/vc_custom_heading][\/vc_column][vc_column column_width_use_pixel=\u00bbyes\u00bb position_horizontal=\u00bbleft\u00bb gutter_size=\u00bb3&#8243; overlay_alpha=\u00bb50&#8243; shift_x=\u00bb0&#8243; shift_y=\u00bb0&#8243; shift_y_down=\u00bb0&#8243; z_index=\u00bb0&#8243; medium_width=\u00bb0&#8243; mobile_width=\u00bb0&#8243; css_animation=\u00bbbottom-t-top\u00bb animation_speed=\u00bb1000&#8243; animation_delay=\u00bb400&#8243; width=\u00bb3\/4&#8243; column_width_pixel=\u00bb800&#8243;][uncode_list icon=\u00bbfa fa-shopping-basket\u00bb icon_color=\u00bbcolor-517719&#8243;]<\/p>\n<h3>Compras<\/h3>\n<ul>\n<li><strong>los V\u00edveres<\/strong><br \/>\nSupermercado Quintana, C \/ Juan Carlos I<br \/>\nMercado de Abastos, Plaza de la Constituci\u00f3n<br \/>\nAliprox, Avda. de la Estaci\u00f3n<\/li>\n<li><strong>Carnicer\u00eda<\/strong><br \/>\nCarniceria, Avda. Andalucia, 46<\/li>\n<li><strong>Pescado<\/strong><br \/>\nPescaderia la Dorada, c\/ La Iglesia, 4<br \/>\nMercado de Abastos, Plaza de la Constituci\u00f3n<\/li>\n<li><strong>Frutas &amp; Verduras<\/strong><br \/>\nMercado de Abastos, Plaza de la Constituci\u00f3n<\/li>\n<li><strong>Panadero<\/strong><br \/>\nMercado de Abastos, Plaza de la Constituci\u00f3n<br \/>\nCafeter\u00eda-Panader\u00eda Horno La Laguna, Calle Mar\u00eda Zambrano, 27<\/li>\n<\/ul>\n<p>[\/uncode_list][vc_column_text]<\/p>\n<h4>la Sugerencia:<\/h4>\n<p>D\u00eda (Supermercado en Mollina) administra todos los alimentos b\u00e1sicos (incluidas frutas, bebidas, pescado, carne, alimentos congelados, leche, etc.) en una tienda. La elecci\u00f3n no es tan abundante, pero la nevera puede llenarse primero.<\/p>\n<p><strong>Direcci\u00f3n:<\/strong><br \/>\nAvda. de la Caceria del Rey, 12, 29532 Mollina, M\u00e1laga, Espana<br \/>\nAll\u00ed tambi\u00e9n encontrar\u00e1 una gasolinera y dos tiendas que ofrecen de todo, desde ollas hasta bater\u00edas, juguetes y ropa interior para ni\u00f1os.<\/p>\n<p>LIDL y otros centros comerciales compactos con una mayor variedad de productos se pueden encontrar en Antequera.<\/p>\n<hr>\n<h3>Helader\u00eda &amp; Caf\u00e9 &amp; Bar<\/h3>\n<p>Cafeter\u00eda-Panader\u00eda Horno La Laguna, Calle Mar\u00eda Zambrano, 27<\/p>\n<hr>\n<h3>Refugio de Burros<\/h3>\n<p>El Refugio del Burrito<br \/>\nCortijo Rafael Sanchez, 58[\/vc_column_text][vc_gallery el_id=\u00bbgallery-187435&#8243; medias=\u00bb1868&#8243; gutter_size=\u00bb1&#8243; media_items=\u00bbmedia|lightbox|original,icon|md,title\u00bb screen_lg=\u00bb1000&#8243; screen_md=\u00bb600&#8243; screen_sm=\u00bb250&#8243; single_width=\u00bb2&#8243; images_size=\u00bbone-one\u00bb single_style=\u00bbdark\u00bb single_overlay_color=\u00bbcolor-xsdn\u00bb single_overlay_opacity=\u00bb95&#8243; single_text_anim_type=\u00bbbtt\u00bb single_h_align=\u00bbcenter\u00bb single_padding=\u00bb2&#8243; single_title_family=\u00bbfont-197640&#8243; single_title_dimension=\u00bbh3&#8243; single_title_weight=\u00bb400&#8243; single_title_transform=\u00bbuppercase\u00bb single_icon=\u00bbfa fa-plus2&#8243; single_border=\u00bbyes\u00bb single_css_animation=\u00bbzoom-in\u00bb single_animation_speed=\u00bb800&#8243; single_animation_delay=\u00bb200&#8243; lbox_caption=\u00bbyes\u00bb single_image_anim_move=\u00bbyes\u00bb][\/vc_column][\/vc_row][vc_row row_height_percent=\u00bb0&#8243; override_padding=\u00bbyes\u00bb h_padding=\u00bb2&#8243; top_padding=\u00bb4&#8243; bottom_padding=\u00bb4&#8243; overlay_color=\u00bbcolor-517719&#8243; overlay_alpha=\u00bb10&#8243; gutter_size=\u00bb3&#8243; column_width_percent=\u00bb100&#8243; border_color=\u00bbcolor-xsdn\u00bb border_style=\u00bbsolid\u00bb shift_y=\u00bb0&#8243; z_index=\u00bb0&#8243; css=\u00bb.vc_custom_1561889796880{border-bottom-width: 6px !important;}\u00bb][vc_column column_width_percent=\u00bb100&#8243; align_horizontal=\u00bbalign_center\u00bb gutter_size=\u00bb3&#8243; overlay_alpha=\u00bb50&#8243; shift_x=\u00bb0&#8243; shift_y=\u00bb-4&#8243; shift_y_down=\u00bb0&#8243; z_index=\u00bb0&#8243; medium_width=\u00bb0&#8243; mobile_width=\u00bb0&#8243; css_animation=\u00bbbottom-t-top\u00bb animation_speed=\u00bb1000&#8243; animation_delay=\u00bb400&#8243; width=\u00bb1\/4&#8243;][vc_custom_heading heading_semantic=\u00bbh3&#8243; text_size=\u00bbbigtext\u00bb]F[\/vc_custom_heading][\/vc_column][vc_column column_width_use_pixel=\u00bbyes\u00bb position_horizontal=\u00bbleft\u00bb gutter_size=\u00bb3&#8243; overlay_alpha=\u00bb50&#8243; shift_x=\u00bb0&#8243; shift_y=\u00bb0&#8243; shift_y_down=\u00bb0&#8243; z_index=\u00bb0&#8243; medium_width=\u00bb0&#8243; mobile_width=\u00bb0&#8243; css_animation=\u00bbbottom-t-top\u00bb animation_speed=\u00bb1000&#8243; animation_delay=\u00bb400&#8243; width=\u00bb3\/4&#8243; column_width_pixel=\u00bb800&#8243;][vc_column_text]<\/p>\n<h3>Fiestas<\/h3>\n<p>Hay fiestas especiales y mercadillos durante todo el a\u00f1o, donde los visitantes pueden vivir las tradiciones de los andaluces.<\/p>\n<p>En julio se celebra <strong>la feria<\/strong>, y durante cuatro d\u00edas todo el pueblo est\u00e1 de fiesta, con coches de choque, bailes y elecci\u00f3n de miss y m\u00edster.<\/p>\n<p>En septiembre se celebra <strong>la fiesta del padr\u00f3n<\/strong> del pueblo, que entre otras cosas atrae a jinetes con sus caballos de toda Andaluc\u00eda para medirse en una competici\u00f3n de destreza que tiene lugar en el centro del pueblo, un acontecimiento realmente impresionante, a cuyo final se lleva el altar de la iglesia por todo el pueblo durante la noche.[\/vc_column_text][vc_gallery el_id=\u00bbgallery-187435&#8243; medias=\u00bb1849,1838&#8243; gutter_size=\u00bb1&#8243; media_items=\u00bbmedia|lightbox|original,icon|md,title\u00bb screen_lg=\u00bb1000&#8243; screen_md=\u00bb600&#8243; screen_sm=\u00bb250&#8243; single_width=\u00bb2&#8243; images_size=\u00bbone-one\u00bb single_style=\u00bbdark\u00bb single_overlay_color=\u00bbcolor-xsdn\u00bb single_overlay_opacity=\u00bb95&#8243; single_text_anim_type=\u00bbbtt\u00bb single_h_align=\u00bbcenter\u00bb single_padding=\u00bb2&#8243; single_title_family=\u00bbfont-197640&#8243; single_title_dimension=\u00bbh3&#8243; single_title_weight=\u00bb400&#8243; single_title_transform=\u00bbuppercase\u00bb single_icon=\u00bbfa fa-plus2&#8243; single_border=\u00bbyes\u00bb single_css_animation=\u00bbzoom-in\u00bb single_animation_speed=\u00bb800&#8243; single_animation_delay=\u00bb200&#8243; lbox_caption=\u00bbyes\u00bb single_image_anim_move=\u00bbyes\u00bb][vc_column_text]<\/p>\n<hr>\n<h3>Peluqueria<\/h3>\n<p>Un peluquero est\u00e1 ubicado en la calle paralela detr\u00e1s del hotel (gire a la izquierda en la iglesia).<\/p>\n<p><strong>Peluqueria Macarena Gomez<\/strong><br \/>\nC \/ Campillos 31<br \/>\nTel\u00e9fono +34 618 963 889<\/p>\n<p><strong>Peluqueria unisex<\/strong><br \/>\nMari Carmen<br \/>\nC \/ Castillo 1<br \/>\nTel\u00e9fono +34 675 568 296<\/p>\n<hr>\n<h3>Desayuno<\/h3>\n<p>El desayuno se puede tomar en la cafeter\u00eda y bar \u00abSOTO\u00bb.<\/p>\n<p>C \/ Juan Carlos I , 3<br \/>\nC\/ Ancha, 2[\/vc_column_text][\/vc_column][\/vc_row][vc_row row_height_percent=\u00bb0&#8243; override_padding=\u00bbyes\u00bb h_padding=\u00bb2&#8243; top_padding=\u00bb4&#8243; bottom_padding=\u00bb4&#8243; overlay_color=\u00bbcolor-517719&#8243; overlay_alpha=\u00bb5&#8243; gutter_size=\u00bb3&#8243; column_width_percent=\u00bb100&#8243; border_color=\u00bbcolor-xsdn\u00bb border_style=\u00bbsolid\u00bb shift_y=\u00bb0&#8243; z_index=\u00bb0&#8243; css=\u00bb.vc_custom_1561896153357{border-bottom-width: 6px !important;}\u00bb][vc_column column_width_percent=\u00bb100&#8243; align_horizontal=\u00bbalign_center\u00bb gutter_size=\u00bb3&#8243; overlay_alpha=\u00bb50&#8243; shift_x=\u00bb0&#8243; shift_y=\u00bb-4&#8243; shift_y_down=\u00bb0&#8243; z_index=\u00bb0&#8243; medium_width=\u00bb0&#8243; mobile_width=\u00bb0&#8243; css_animation=\u00bbbottom-t-top\u00bb animation_speed=\u00bb1000&#8243; animation_delay=\u00bb400&#8243; width=\u00bb1\/4&#8243;][vc_custom_heading heading_semantic=\u00bbh3&#8243; text_size=\u00bbbigtext\u00bb]L[\/vc_custom_heading][\/vc_column][vc_column column_width_use_pixel=\u00bbyes\u00bb position_horizontal=\u00bbleft\u00bb gutter_size=\u00bb3&#8243; overlay_alpha=\u00bb50&#8243; shift_x=\u00bb0&#8243; shift_y=\u00bb0&#8243; shift_y_down=\u00bb0&#8243; z_index=\u00bb0&#8243; medium_width=\u00bb0&#8243; mobile_width=\u00bb0&#8243; css_animation=\u00bbbottom-t-top\u00bb animation_speed=\u00bb1000&#8243; animation_delay=\u00bb400&#8243; width=\u00bb3\/4&#8243; column_width_pixel=\u00bb800&#8243;][vc_column_text]<\/p>\n<h3>Laguna<\/h3>\n<p>El camino al centro de visitantes de la laguna en las afueras del pueblo est\u00e1 se\u00f1alizado en todas partes. Tambi\u00e9n hay otros miradores (Mirador de La Vicar\u00eda) y puestos de observaci\u00f3n alrededor de la laguna, desde donde podr\u00e1 ver y fotografiar los flamencos y otras aves acu\u00e1ticas raras.[\/vc_column_text][vc_gallery el_id=\u00bbgallery-187435&#8243; medias=\u00bb1820&#8243; gutter_size=\u00bb1&#8243; media_items=\u00bbmedia|lightbox|original,icon|md,title\u00bb screen_lg=\u00bb1000&#8243; screen_md=\u00bb600&#8243; screen_sm=\u00bb250&#8243; single_width=\u00bb2&#8243; images_size=\u00bbone-one\u00bb single_style=\u00bbdark\u00bb single_overlay_color=\u00bbcolor-xsdn\u00bb single_overlay_opacity=\u00bb95&#8243; single_text_anim_type=\u00bbbtt\u00bb single_h_align=\u00bbcenter\u00bb single_padding=\u00bb2&#8243; single_title_family=\u00bbfont-197640&#8243; single_title_dimension=\u00bbh3&#8243; single_title_weight=\u00bb400&#8243; single_title_transform=\u00bbuppercase\u00bb single_icon=\u00bbfa fa-plus2&#8243; single_border=\u00bbyes\u00bb single_css_animation=\u00bbzoom-in\u00bb single_animation_speed=\u00bb800&#8243; single_animation_delay=\u00bb200&#8243; lbox_caption=\u00bbyes\u00bb single_image_anim_move=\u00bbyes\u00bb][\/vc_column][\/vc_row][vc_row row_height_percent=\u00bb0&#8243; override_padding=\u00bbyes\u00bb h_padding=\u00bb2&#8243; top_padding=\u00bb4&#8243; bottom_padding=\u00bb4&#8243; overlay_color=\u00bbcolor-517719&#8243; overlay_alpha=\u00bb10&#8243; gutter_size=\u00bb3&#8243; column_width_percent=\u00bb100&#8243; border_color=\u00bbcolor-xsdn\u00bb border_style=\u00bbsolid\u00bb shift_y=\u00bb0&#8243; z_index=\u00bb0&#8243; css=\u00bb.vc_custom_1561889796880{border-bottom-width: 6px !important;}\u00bb][vc_column column_width_percent=\u00bb100&#8243; align_horizontal=\u00bbalign_center\u00bb gutter_size=\u00bb3&#8243; overlay_alpha=\u00bb50&#8243; shift_x=\u00bb0&#8243; shift_y=\u00bb-4&#8243; shift_y_down=\u00bb0&#8243; z_index=\u00bb0&#8243; medium_width=\u00bb0&#8243; mobile_width=\u00bb0&#8243; css_animation=\u00bbbottom-t-top\u00bb animation_speed=\u00bb1000&#8243; animation_delay=\u00bb400&#8243; width=\u00bb1\/4&#8243;][vc_custom_heading heading_semantic=\u00bbh3&#8243; text_size=\u00bbbigtext\u00bb]T[\/vc_custom_heading][\/vc_column][vc_column column_width_use_pixel=\u00bbyes\u00bb position_horizontal=\u00bbleft\u00bb gutter_size=\u00bb3&#8243; overlay_alpha=\u00bb50&#8243; shift_x=\u00bb0&#8243; shift_y=\u00bb0&#8243; shift_y_down=\u00bb0&#8243; z_index=\u00bb0&#8243; medium_width=\u00bb0&#8243; mobile_width=\u00bb0&#8243; css_animation=\u00bbbottom-t-top\u00bb animation_speed=\u00bb1000&#8243; animation_delay=\u00bb400&#8243; width=\u00bb3\/4&#8243; column_width_pixel=\u00bb800&#8243;][vc_column_text]<\/p>\n<h3>Informaci\u00f3n tur\u00edstica<\/h3>\n<p>Cerro del palo, 29520 Fuente de Piedra, M\u00e1laga, Espana<br \/>\nTel\u00e9fono +34 675 64 59 57[\/vc_column_text][\/vc_column][\/vc_row][vc_row row_height_percent=\u00bb0&#8243; override_padding=\u00bbyes\u00bb h_padding=\u00bb2&#8243; top_padding=\u00bb4&#8243; bottom_padding=\u00bb4&#8243; overlay_color=\u00bbcolor-517719&#8243; overlay_alpha=\u00bb5&#8243; gutter_size=\u00bb3&#8243; column_width_percent=\u00bb100&#8243; border_color=\u00bbcolor-xsdn\u00bb border_style=\u00bbsolid\u00bb shift_y=\u00bb0&#8243; z_index=\u00bb0&#8243; css=\u00bb.vc_custom_1561896163468{border-bottom-width: 6px !important;}\u00bb][vc_column column_width_percent=\u00bb100&#8243; align_horizontal=\u00bbalign_center\u00bb gutter_size=\u00bb3&#8243; overlay_alpha=\u00bb50&#8243; shift_x=\u00bb0&#8243; shift_y=\u00bb-4&#8243; shift_y_down=\u00bb0&#8243; z_index=\u00bb0&#8243; medium_width=\u00bb0&#8243; mobile_width=\u00bb0&#8243; css_animation=\u00bbbottom-t-top\u00bb animation_speed=\u00bb1000&#8243; animation_delay=\u00bb400&#8243; width=\u00bb1\/4&#8243;][vc_custom_heading heading_semantic=\u00bbh3&#8243; text_size=\u00bbbigtext\u00bb]M[\/vc_custom_heading][\/vc_column][vc_column column_width_use_pixel=\u00bbyes\u00bb position_horizontal=\u00bbleft\u00bb gutter_size=\u00bb3&#8243; overlay_alpha=\u00bb50&#8243; shift_x=\u00bb0&#8243; shift_y=\u00bb0&#8243; shift_y_down=\u00bb0&#8243; z_index=\u00bb0&#8243; medium_width=\u00bb0&#8243; mobile_width=\u00bb0&#8243; css_animation=\u00bbbottom-t-top\u00bb animation_speed=\u00bb1000&#8243; animation_delay=\u00bb400&#8243; width=\u00bb3\/4&#8243; column_width_pixel=\u00bb800&#8243;][vc_column_text]<\/p>\n<h3>D\u00eda de mercado en Fuente de Piedra.<\/h3>\n<p>Viernes a partir de las 7.30 horas<\/p>\n<hr>\n<h3>Eliminaci\u00f3n de residuos \/ Separaci\u00f3n de residuos<\/h3>\n<p><strong>Envases amarillos<\/strong>: pl\u00e1sticos, tetrapaks, l\u00e1minas, latas, etc.<br \/>\n<strong>Contenedor verde<\/strong>: botellas de vidrio y vasos de todo tipo.<br \/>\n<strong>Contenedor azul<\/strong>: cart\u00f3n y papel.<br \/>\n<strong>Recipientes verdes con tapas<\/strong>: residuos residuales de todo tipo.<\/p>\n<p>Los contenedores de basura se encuentran justo en frente del hotel, en la calle.[\/vc_column_text][\/vc_column][\/vc_row][vc_row row_height_percent=\u00bb0&#8243; override_padding=\u00bbyes\u00bb h_padding=\u00bb2&#8243; top_padding=\u00bb4&#8243; bottom_padding=\u00bb4&#8243; overlay_color=\u00bbcolor-517719&#8243; overlay_alpha=\u00bb10&#8243; gutter_size=\u00bb3&#8243; column_width_percent=\u00bb100&#8243; border_color=\u00bbcolor-xsdn\u00bb border_style=\u00bbsolid\u00bb shift_y=\u00bb0&#8243; z_index=\u00bb0&#8243; css=\u00bb.vc_custom_1561889796880{border-bottom-width: 6px !important;}\u00bb][vc_column column_width_percent=\u00bb100&#8243; align_horizontal=\u00bbalign_center\u00bb gutter_size=\u00bb3&#8243; overlay_alpha=\u00bb50&#8243; shift_x=\u00bb0&#8243; shift_y=\u00bb-4&#8243; shift_y_down=\u00bb0&#8243; z_index=\u00bb0&#8243; medium_width=\u00bb0&#8243; mobile_width=\u00bb0&#8243; css_animation=\u00bbbottom-t-top\u00bb animation_speed=\u00bb1000&#8243; animation_delay=\u00bb400&#8243; width=\u00bb1\/4&#8243;][vc_custom_heading heading_semantic=\u00bbh3&#8243; text_size=\u00bbbigtext\u00bb]O[\/vc_custom_heading][\/vc_column][vc_column column_width_use_pixel=\u00bbyes\u00bb position_horizontal=\u00bbleft\u00bb gutter_size=\u00bb3&#8243; overlay_alpha=\u00bb50&#8243; shift_x=\u00bb0&#8243; shift_y=\u00bb0&#8243; shift_y_down=\u00bb0&#8243; z_index=\u00bb0&#8243; medium_width=\u00bb0&#8243; mobile_width=\u00bb0&#8243; css_animation=\u00bbbottom-t-top\u00bb animation_speed=\u00bb1000&#8243; animation_delay=\u00bb400&#8243; width=\u00bb3\/4&#8243; column_width_pixel=\u00bb800&#8243;][vc_column_text]<\/p>\n<h3>Aceite de Oliva<\/h3>\n<p>Compre aceite de oliva fant\u00e1stico aqu\u00ed:<br \/>\nEl Labrador S.A.T 8064<br \/>\nPlaza de la Constituci\u00f3n, 9<\/p>\n<p>Solo camine por la calle frente al hotel hacia la plaza del mercado. el Negocios<br \/>\nest\u00e1 en el lado izquierdo.[\/vc_column_text][\/vc_column][\/vc_row][vc_row row_height_percent=\u00bb0&#8243; override_padding=\u00bbyes\u00bb h_padding=\u00bb2&#8243; top_padding=\u00bb4&#8243; bottom_padding=\u00bb4&#8243; overlay_color=\u00bbcolor-517719&#8243; overlay_alpha=\u00bb5&#8243; gutter_size=\u00bb3&#8243; column_width_percent=\u00bb100&#8243; border_color=\u00bbcolor-xsdn\u00bb border_style=\u00bbsolid\u00bb shift_y=\u00bb0&#8243; z_index=\u00bb0&#8243; css=\u00bb.vc_custom_1561896174657{border-bottom-width: 6px !important;}\u00bb][vc_column column_width_percent=\u00bb100&#8243; align_horizontal=\u00bbalign_center\u00bb gutter_size=\u00bb3&#8243; overlay_alpha=\u00bb50&#8243; shift_x=\u00bb0&#8243; shift_y=\u00bb-4&#8243; shift_y_down=\u00bb0&#8243; z_index=\u00bb0&#8243; medium_width=\u00bb0&#8243; mobile_width=\u00bb0&#8243; css_animation=\u00bbbottom-t-top\u00bb animation_speed=\u00bb1000&#8243; animation_delay=\u00bb400&#8243; width=\u00bb1\/4&#8243;][vc_custom_heading heading_semantic=\u00bbh3&#8243; text_size=\u00bbbigtext\u00bb]R[\/vc_custom_heading][\/vc_column][vc_column column_width_use_pixel=\u00bbyes\u00bb position_horizontal=\u00bbleft\u00bb gutter_size=\u00bb3&#8243; overlay_alpha=\u00bb50&#8243; shift_x=\u00bb0&#8243; shift_y=\u00bb0&#8243; shift_y_down=\u00bb0&#8243; z_index=\u00bb0&#8243; medium_width=\u00bb0&#8243; mobile_width=\u00bb0&#8243; css_animation=\u00bbbottom-t-top\u00bb animation_speed=\u00bb1000&#8243; animation_delay=\u00bb400&#8243; width=\u00bb3\/4&#8243; column_width_pixel=\u00bb800&#8243;][vc_column_text]<\/p>\n<h3>consejos sobre restaurantes<\/h3>\n<p><strong>La Taberna de Joaqu\u00edn<br \/>\n<\/strong>Plaza de la Constituci\u00f3n, 2<br \/>\nGrandes platos de carne y anfitri\u00f3n dedicado!<\/p>\n<p><strong>Bar Restaurante Tejada Dani-Denis<br \/>\n<\/strong>Plaza de la Constituci\u00f3n<br \/>\nPropietario muy hospitalario y deliciosa cocina!<\/p>\n<h3><strong>\u201eFastfood\u201c <\/strong>y Pollo<\/h3>\n<p><strong>Lorefran \u2013 Asador de Pollos (Pollo frito)<\/strong><br \/>\nC \/ Campillos, 40[\/vc_column_text][\/vc_column][\/vc_row][vc_row row_height_percent=\u00bb0&#8243; override_padding=\u00bbyes\u00bb h_padding=\u00bb2&#8243; top_padding=\u00bb4&#8243; bottom_padding=\u00bb4&#8243; overlay_color=\u00bbcolor-517719&#8243; overlay_alpha=\u00bb10&#8243; gutter_size=\u00bb3&#8243; column_width_percent=\u00bb100&#8243; border_color=\u00bbcolor-xsdn\u00bb border_style=\u00bbsolid\u00bb shift_y=\u00bb0&#8243; z_index=\u00bb0&#8243; css=\u00bb.vc_custom_1561889796880{border-bottom-width: 6px !important;}\u00bb][vc_column column_width_percent=\u00bb100&#8243; align_horizontal=\u00bbalign_center\u00bb gutter_size=\u00bb3&#8243; overlay_alpha=\u00bb50&#8243; shift_x=\u00bb0&#8243; shift_y=\u00bb-4&#8243; shift_y_down=\u00bb0&#8243; z_index=\u00bb0&#8243; medium_width=\u00bb0&#8243; mobile_width=\u00bb0&#8243; css_animation=\u00bbbottom-t-top\u00bb animation_speed=\u00bb1000&#8243; animation_delay=\u00bb400&#8243; width=\u00bb1\/4&#8243;][vc_custom_heading heading_semantic=\u00bbh3&#8243; text_size=\u00bbbigtext\u00bb]T[\/vc_custom_heading][\/vc_column][vc_column column_width_use_pixel=\u00bbyes\u00bb position_horizontal=\u00bbleft\u00bb gutter_size=\u00bb3&#8243; overlay_alpha=\u00bb50&#8243; shift_x=\u00bb0&#8243; shift_y=\u00bb0&#8243; shift_y_down=\u00bb0&#8243; z_index=\u00bb0&#8243; medium_width=\u00bb0&#8243; mobile_width=\u00bb0&#8243; css_animation=\u00bbbottom-t-top\u00bb animation_speed=\u00bb1000&#8243; animation_delay=\u00bb400&#8243; width=\u00bb3\/4&#8243; column_width_pixel=\u00bb800&#8243;][vc_column_text]<\/p>\n<h3>Gasolinera<\/h3>\n<p>Se puede encontrar una gasolinera en las afueras hacia la autopista A-92 en Av.de M\u00e1laga (ES H. Cortes Rubio).<\/p>\n<hr>\n<h3>Taxi<\/h3>\n<p>Tel\u00e9fono +34 941 481 868<br \/>\nTel\u00e9fono +34 693 790 008<br \/>\n<a href=\"mailto:taxifuentepiedra@gmail.com\">taxifuentepiedra@gmail.com<\/a><\/p>\n<p>Servicio 24 horas[\/vc_column_text][\/vc_column][\/vc_row]<\/p>\n<\/div>","protected":false},"excerpt":{"rendered":"<p>[vc_row row_height_percent=\u00bb0&#8243; override_padding=\u00bbyes\u00bb h_padding=\u00bb2&#8243; top_padding=\u00bb2&#8243; bottom_padding=\u00bb5&#8243; overlay_alpha=\u00bb10&#8243; gutter_size=\u00bb4&#8243; column_width_percent=\u00bb100&#8243; shift_y=\u00bb0&#8243; z_index=\u00bb0&#8243;][vc_column column_width_percent=\u00bb100&#8243; align_horizontal=\u00bbalign_center\u00bb gutter_size=\u00bb3&#8243; overlay_alpha=\u00bb50&#8243; shift_x=\u00bb0&#8243; shift_y=\u00bb0&#8243; shift_y_down=\u00bb0&#8243; z_index=\u00bb0&#8243; medium_width=\u00bb0&#8243; [&hellip;]<\/p>\n","protected":false},"author":2,"featured_media":1109,"parent":0,"menu_order":6,"comment_status":"closed","ping_status":"closed","template":"","meta":{"iawp_total_views":96,"footnotes":""},"class_list":["post-2006","page","type-page","status-publish","has-post-thumbnail","hentry"],"_links":{"self":[{"href":"https:\/\/www.apartment-lalaguna.com\/es\/wp-json\/wp\/v2\/pages\/2006","targetHints":{"allow":["GET"]}}],"collection":[{"href":"https:\/\/www.apartment-lalaguna.com\/es\/wp-json\/wp\/v2\/pages"}],"about":[{"href":"https:\/\/www.apartment-lalaguna.com\/es\/wp-json\/wp\/v2\/types\/page"}],"author":[{"embeddable":true,"href":"https:\/\/www.apartment-lalaguna.com\/es\/wp-json\/wp\/v2\/users\/2"}],"replies":[{"embeddable":true,"href":"https:\/\/www.apartment-lalaguna.com\/es\/wp-json\/wp\/v2\/comments?post=2006"}],"version-history":[{"count":6,"href":"https:\/\/www.apartment-lalaguna.com\/es\/wp-json\/wp\/v2\/pages\/2006\/revisions"}],"predecessor-version":[{"id":67573,"href":"https:\/\/www.apartment-lalaguna.com\/es\/wp-json\/wp\/v2\/pages\/2006\/revisions\/67573"}],"wp:featuredmedia":[{"embeddable":true,"href":"https:\/\/www.apartment-lalaguna.com\/es\/wp-json\/wp\/v2\/media\/1109"}],"wp:attachment":[{"href":"https:\/\/www.apartment-lalaguna.com\/es\/wp-json\/wp\/v2\/media?parent=2006"}],"curies":[{"name":"wp","href":"https:\/\/api.w.org\/{rel}","templated":true}]}}