{"id":2012,"date":"2019-07-23T20:57:55","date_gmt":"2019-07-23T18:57:55","guid":{"rendered":"https:\/\/www.hotel-la-laguna.com\/casa\/"},"modified":"2026-03-01T20:57:16","modified_gmt":"2026-03-01T19:57:16","slug":"casa","status":"publish","type":"page","link":"https:\/\/www.apartment-lalaguna.com\/es\/","title":{"rendered":"P\u00e1gina de iniciohttps:\/\/www.apartment-lalaguna.com\/wp-admin\/admin.php?page=uncode-system-status"},"content":{"rendered":"<div class=\"wpb-content-wrapper\"><p>[vc_row row_height_percent=\u00bb0&#8243; overlay_alpha=\u00bb50&#8243; gutter_size=\u00bb3&#8243; column_width_percent=\u00bb100&#8243; shift_y=\u00bb-5&#8243; z_index=\u00bb10&#8243; content_parallax=\u00bb0&#8243; uncode_shortcode_id=\u00bb184847&#8243;][vc_column column_width_percent=\u00bb100&#8243; gutter_size=\u00bb3&#8243; style=\u00bblight\u00bb back_color=\u00bbcolor-xsdn\u00bb overlay_alpha=\u00bb50&#8243; radius=\u00bbsm\u00bb shift_x=\u00bb0&#8243; shift_y=\u00bb0&#8243; shift_y_down=\u00bb0&#8243; z_index=\u00bb0&#8243; medium_width=\u00bb0&#8243; mobile_width=\u00bb0&#8243; width=\u00bb1\/1&#8243; uncode_shortcode_id=\u00bb731956&#8243; back_color_type=\u00bbuncode-palette\u00bb][vc_raw_html]PGRpdiBpZD0iYXBhcnRtZW50SWZyYW1lQWxsIj4gPHNjcmlwdCB0eXBlPSJ0ZXh0L2phdmFzY3JpcHQiIHNyYz0iaHR0cHM6Ly9sb2dpbi5zbW9vYnUuY29tL2pzL1NldHRpbmdzL0Jvb2tpbmdUb29sSWZyYW1lLmpzIj48L3NjcmlwdD4gPHNjcmlwdD5Cb29raW5nVG9vbElmcmFtZS5pbml0aWFsaXplKHsidXJsIjogImh0dHBzOi8vbG9naW4uc21vb2J1LmNvbS9lcy9ib29raW5nLXRvb2wvaWZyYW1lLzMyMTEyIiwgImJhc2VVcmwiOiAiaHR0cHM6Ly9sb2dpbi5zbW9vYnUuY29tICIsICJ0YXJnZXQiOiAiI2FwYXJ0bWVudElmcmFtZUFsbCJ9KTwvc2NyaXB0PiA8L2Rpdj4=[\/vc_raw_html][\/vc_column][\/vc_row][vc_row row_height_percent=\u00bb0&#8243; override_padding=\u00bbyes\u00bb h_padding=\u00bb2&#8243; top_padding=\u00bb2&#8243; bottom_padding=\u00bb7&#8243; back_image=\u00bb317&#8243; back_position=\u00bbcenter center\u00bb overlay_color=\u00bbcolor-115244&#8243; overlay_alpha=\u00bb100&#8243; gutter_size=\u00bb3&#8243; column_width_percent=\u00bb100&#8243; shift_y=\u00bb0&#8243; z_index=\u00bb0&#8243; content_parallax=\u00bb0&#8243; uncode_shortcode_id=\u00bb122608&#8243; overlay_color_type=\u00bbuncode-palette\u00bb][vc_column column_width_use_pixel=\u00bbyes\u00bb gutter_size=\u00bb2&#8243; overlay_alpha=\u00bb50&#8243; shift_x=\u00bb-2&#8243; shift_y=\u00bb0&#8243; shift_y_down=\u00bb0&#8243; z_index=\u00bb0&#8243; medium_width=\u00bb0&#8243; mobile_width=\u00bb0&#8243; width=\u00bb1\/2&#8243; column_width_pixel=\u00bb800&#8243; uncode_shortcode_id=\u00bb109922&#8243;][vc_custom_heading heading_semantic=\u00bbh1&#8243; uncode_shortcode_id=\u00bb149868&#8243;]El aparthotel <strong>Apartamentos La<\/strong> Laguna le da la bienvenida a la bella Fuente de Piedra, en la provincia de M\u00e1laga.[\/vc_custom_heading][vc_column_text text_lead=\u00bbyes\u00bb uncode_shortcode_id=\u00bb499031&#8243;]Lejos del turismo de masas, esta tradicional localidad andaluza es el punto de partida perfecto para numerosas <a href=\"https:\/\/www.apartment-lalaguna.com\/es\/consejos-de-excursiones\/\">excursiones<\/a>.[\/vc_column_text][\/vc_column][vc_column column_width_percent=\u00bb100&#8243; align_horizontal=\u00bbalign_right\u00bb gutter_size=\u00bb3&#8243; overlay_alpha=\u00bb50&#8243; shift_x=\u00bb5&#8243; shift_y=\u00bb-3&#8243; shift_y_down=\u00bb0&#8243; z_index=\u00bb0&#8243; medium_width=\u00bb0&#8243; mobile_width=\u00bb0&#8243; css_animation=\u00bbright-t-left\u00bb animation_speed=\u00bb900&#8243; animation_delay=\u00bb800&#8243; width=\u00bb1\/2&#8243;][vc_single_image media=\u00bb700&#8243; media_width_use_pixel=\u00bbyes\u00bb alignment=\u00bbright\u00bb media_width_pixel=\u00bb500&#8243;][\/vc_column][\/vc_row][vc_row unlock_row_content=\u00bbyes\u00bb row_height_percent=\u00bb0&#8243; overlay_alpha=\u00bb50&#8243; gutter_size=\u00bb3&#8243; column_width_percent=\u00bb100&#8243; shift_y=\u00bb0&#8243; z_index=\u00bb0&#8243;][vc_column column_width_use_pixel=\u00bbyes\u00bb align_horizontal=\u00bbalign_center\u00bb gutter_size=\u00bb3&#8243; overlay_alpha=\u00bb50&#8243; shift_x=\u00bb0&#8243; shift_y=\u00bb0&#8243; shift_y_down=\u00bb0&#8243; z_index=\u00bb0&#8243; medium_width=\u00bb0&#8243; mobile_width=\u00bb0&#8243; css_animation=\u00bbbottom-t-top\u00bb width=\u00bb1\/3&#8243; column_width_pixel=\u00bb400&#8243;][vc_row_inner row_inner_height_percent=\u00bb0&#8243; overlay_alpha=\u00bb50&#8243; gutter_size=\u00bb3&#8243; border_color=\u00bbcolor-517719&#8243; border_style=\u00bbsolid\u00bb shift_y=\u00bb0&#8243; z_index=\u00bb0&#8243; css=\u00bb.vc_custom_1554845550955{border-top-width: 1px !important;border-right-width: 1px !important;border-bottom-width: 1px !important;border-left-width: 1px !important;padding-top: 36px !important;padding-right: 36px !important;padding-bottom: 36px !important;padding-left: 36px !important;}\u00bb limit_content=\u00bb\u00bb][vc_column_inner column_width_percent=\u00bb100&#8243; align_horizontal=\u00bbalign_center\u00bb gutter_size=\u00bb3&#8243; overlay_alpha=\u00bb50&#8243; border_color=\u00bbcolor-517719&#8243; border_style=\u00bbsolid\u00bb shift_x=\u00bb0&#8243; shift_y=\u00bb0&#8243; shift_y_down=\u00bb0&#8243; z_index=\u00bb0&#8243; medium_width=\u00bb0&#8243; mobile_width=\u00bb0&#8243; width=\u00bb1\/1&#8243; css=\u00bb.vc_custom_1554845455306{border: 1px initial !important;}\u00bb][vc_icon icon=\u00bbfa fa-sun2&#8243; icon_color=\u00bbcolor-517719&#8243; background_style=\u00bbfa-rounded\u00bb size=\u00bbfa-2x\u00bb icon_automatic=\u00bbyes\u00bb uncode_shortcode_id=\u00bb152824&#8243; icon_color_type=\u00bbuncode-palette\u00bb]En Fuente de Piedra puede esperar buen tiempo todo el a\u00f1o, con una temperatura media anual de 22 grados cent\u00edgrados y unos 300 d\u00edas de sol al a\u00f1o.[\/vc_icon][\/vc_column_inner][\/vc_row_inner][\/vc_column][vc_column column_width_use_pixel=\u00bbyes\u00bb align_horizontal=\u00bbalign_center\u00bb gutter_size=\u00bb3&#8243; overlay_alpha=\u00bb50&#8243; shift_x=\u00bb0&#8243; shift_y=\u00bb3&#8243; shift_y_down=\u00bb0&#8243; z_index=\u00bb0&#8243; medium_width=\u00bb0&#8243; mobile_width=\u00bb0&#8243; css_animation=\u00bbbottom-t-top\u00bb width=\u00bb1\/3&#8243; column_width_pixel=\u00bb400&#8243;][vc_row_inner row_inner_height_percent=\u00bb0&#8243; overlay_alpha=\u00bb50&#8243; gutter_size=\u00bb3&#8243; border_color=\u00bbcolor-517719&#8243; border_style=\u00bbsolid\u00bb shift_y=\u00bb0&#8243; z_index=\u00bb0&#8243; css=\u00bb.vc_custom_1554845550955{border-top-width: 1px !important;border-right-width: 1px !important;border-bottom-width: 1px !important;border-left-width: 1px !important;padding-top: 36px !important;padding-right: 36px !important;padding-bottom: 36px !important;padding-left: 36px !important;}\u00bb limit_content=\u00bb\u00bb][vc_column_inner column_width_percent=\u00bb100&#8243; align_horizontal=\u00bbalign_center\u00bb gutter_size=\u00bb3&#8243; overlay_alpha=\u00bb50&#8243; border_color=\u00bbcolor-517719&#8243; border_style=\u00bbsolid\u00bb shift_x=\u00bb0&#8243; shift_y=\u00bb0&#8243; shift_y_down=\u00bb0&#8243; z_index=\u00bb0&#8243; medium_width=\u00bb0&#8243; mobile_width=\u00bb0&#8243; width=\u00bb1\/1&#8243; css=\u00bb.vc_custom_1554845455306{border: 1px initial !important;}\u00bb][vc_icon icon=\u00bbfa fa-map3&#8243; icon_color=\u00bbcolor-517719&#8243; background_style=\u00bbfa-rounded\u00bb size=\u00bbfa-2x\u00bb icon_automatic=\u00bbyes\u00bb uncode_shortcode_id=\u00bb118777&#8243; icon_color_type=\u00bbuncode-palette\u00bb]Fuente de Piedra es un pueblo tradicional andaluz de la provincia de M\u00e1laga, justo al lado de la laguna m\u00e1s grande de Andaluc\u00eda. Desde aqu\u00ed podr\u00e1 llegar a numerosos lugares de inter\u00e9s cultural de Andaluc\u00eda.[\/vc_icon][\/vc_column_inner][\/vc_row_inner][\/vc_column][vc_column column_width_use_pixel=\u00bbyes\u00bb align_horizontal=\u00bbalign_center\u00bb gutter_size=\u00bb3&#8243; overlay_alpha=\u00bb50&#8243; shift_x=\u00bb0&#8243; shift_y=\u00bb0&#8243; shift_y_down=\u00bb0&#8243; z_index=\u00bb0&#8243; medium_width=\u00bb0&#8243; mobile_width=\u00bb0&#8243; css_animation=\u00bbbottom-t-top\u00bb width=\u00bb1\/3&#8243; column_width_pixel=\u00bb400&#8243;][vc_row_inner row_inner_height_percent=\u00bb0&#8243; overlay_alpha=\u00bb50&#8243; gutter_size=\u00bb3&#8243; border_color=\u00bbcolor-517719&#8243; border_style=\u00bbsolid\u00bb shift_y=\u00bb0&#8243; z_index=\u00bb0&#8243; css=\u00bb.vc_custom_1554845550955{border-top-width: 1px !important;border-right-width: 1px !important;border-bottom-width: 1px !important;border-left-width: 1px !important;padding-top: 36px !important;padding-right: 36px !important;padding-bottom: 36px !important;padding-left: 36px !important;}\u00bb limit_content=\u00bb\u00bb][vc_column_inner column_width_percent=\u00bb100&#8243; align_horizontal=\u00bbalign_center\u00bb gutter_size=\u00bb3&#8243; overlay_alpha=\u00bb50&#8243; border_color=\u00bbcolor-517719&#8243; border_style=\u00bbsolid\u00bb shift_x=\u00bb0&#8243; shift_y=\u00bb0&#8243; shift_y_down=\u00bb0&#8243; z_index=\u00bb0&#8243; medium_width=\u00bb0&#8243; mobile_width=\u00bb0&#8243; width=\u00bb1\/1&#8243; css=\u00bb.vc_custom_1554845455306{border: 1px initial !important;}\u00bb][vc_icon icon=\u00bbfa fa-map-signs\u00bb icon_color=\u00bbcolor-517719&#8243; background_style=\u00bbfa-rounded\u00bb size=\u00bbfa-2x\u00bb icon_automatic=\u00bbyes\u00bb uncode_shortcode_id=\u00bb191897&#8243; icon_color_type=\u00bbuncode-palette\u00bb]La regi\u00f3n ofrece muchas oportunidades para practicar actividades al aire libre. Numerosas rutas ciclistas y de senderismo se encuentran en las inmediaciones de los pisos y le invitan a conocer la regi\u00f3n.<\/p>\n<p>Tambi\u00e9n existe la posibilidad de escalar El Chorro (50 km) y ba\u00f1arse en los embalses de Ardales (45 km).[\/vc_icon][\/vc_column_inner][\/vc_row_inner][\/vc_column][\/vc_row][vc_row unlock_row_content=\u00bbyes\u00bb row_height_percent=\u00bb0&#8243; override_padding=\u00bbyes\u00bb h_padding=\u00bb2&#8243; top_padding=\u00bb2&#8243; bottom_padding=\u00bb7&#8243; overlay_alpha=\u00bb50&#8243; gutter_size=\u00bb3&#8243; column_width_percent=\u00bb100&#8243; shift_y=\u00bb0&#8243; z_index=\u00bb0&#8243;][vc_column column_width_use_pixel=\u00bbyes\u00bb align_horizontal=\u00bbalign_center\u00bb gutter_size=\u00bb3&#8243; overlay_alpha=\u00bb50&#8243; shift_x=\u00bb2&#8243; shift_y=\u00bb0&#8243; shift_y_down=\u00bb0&#8243; z_index=\u00bb0&#8243; medium_width=\u00bb0&#8243; mobile_width=\u00bb0&#8243; css_animation=\u00bbbottom-t-top\u00bb width=\u00bb1\/3&#8243; column_width_pixel=\u00bb400&#8243;][vc_row_inner row_inner_height_percent=\u00bb0&#8243; overlay_alpha=\u00bb50&#8243; gutter_size=\u00bb3&#8243; border_color=\u00bbcolor-517719&#8243; border_style=\u00bbsolid\u00bb shift_y=\u00bb0&#8243; z_index=\u00bb0&#8243; css=\u00bb.vc_custom_1554845550955{border-top-width: 1px !important;border-right-width: 1px !important;border-bottom-width: 1px !important;border-left-width: 1px !important;padding-top: 36px !important;padding-right: 36px !important;padding-bottom: 36px !important;padding-left: 36px !important;}\u00bb limit_content=\u00bb\u00bb][vc_column_inner column_width_percent=\u00bb100&#8243; align_horizontal=\u00bbalign_center\u00bb gutter_size=\u00bb3&#8243; overlay_alpha=\u00bb50&#8243; border_color=\u00bbcolor-517719&#8243; border_style=\u00bbsolid\u00bb shift_x=\u00bb0&#8243; shift_y=\u00bb0&#8243; shift_y_down=\u00bb0&#8243; z_index=\u00bb0&#8243; medium_width=\u00bb0&#8243; mobile_width=\u00bb0&#8243; width=\u00bb1\/1&#8243; css=\u00bb.vc_custom_1554845455306{border: 1px initial !important;}\u00bb][vc_icon icon=\u00bbfa fa-media-pause-outline\u00bb icon_color=\u00bbcolor-517719&#8243; background_style=\u00bbfa-rounded\u00bb size=\u00bbfa-2x\u00bb icon_automatic=\u00bbyes\u00bb uncode_shortcode_id=\u00bb982075&#8243; icon_color_type=\u00bbuncode-palette\u00bb]Fuente de Piedra es un lugar tranquilo, caracterizado por la serenidad y la hospitalidad espa\u00f1olas. Es el lugar perfecto para olvidarse de la vida cotidiana y relajarse al final del d\u00eda.[\/vc_icon][\/vc_column_inner][\/vc_row_inner][\/vc_column][vc_column column_width_use_pixel=\u00bbyes\u00bb align_horizontal=\u00bbalign_center\u00bb gutter_size=\u00bb3&#8243; overlay_alpha=\u00bb50&#8243; shift_x=\u00bb0&#8243; shift_y=\u00bb3&#8243; shift_y_down=\u00bb0&#8243; z_index=\u00bb0&#8243; medium_width=\u00bb0&#8243; mobile_width=\u00bb0&#8243; css_animation=\u00bbbottom-t-top\u00bb width=\u00bb1\/3&#8243; column_width_pixel=\u00bb400&#8243;][vc_row_inner row_inner_height_percent=\u00bb0&#8243; overlay_alpha=\u00bb50&#8243; gutter_size=\u00bb3&#8243; border_color=\u00bbcolor-517719&#8243; border_style=\u00bbsolid\u00bb shift_y=\u00bb0&#8243; z_index=\u00bb0&#8243; css=\u00bb.vc_custom_1554845550955{border-top-width: 1px !important;border-right-width: 1px !important;border-bottom-width: 1px !important;border-left-width: 1px !important;padding-top: 36px !important;padding-right: 36px !important;padding-bottom: 36px !important;padding-left: 36px !important;}\u00bb limit_content=\u00bb\u00bb][vc_column_inner column_width_percent=\u00bb100&#8243; align_horizontal=\u00bbalign_center\u00bb gutter_size=\u00bb3&#8243; overlay_alpha=\u00bb50&#8243; border_color=\u00bbcolor-517719&#8243; border_style=\u00bbsolid\u00bb shift_x=\u00bb0&#8243; shift_y=\u00bb0&#8243; shift_y_down=\u00bb0&#8243; z_index=\u00bb0&#8243; medium_width=\u00bb0&#8243; mobile_width=\u00bb0&#8243; width=\u00bb1\/1&#8243; css=\u00bb.vc_custom_1554845455306{border: 1px initial !important;}\u00bb][vc_icon icon=\u00bbfa fa-music-note\u00bb icon_color=\u00bbcolor-517719&#8243; background_style=\u00bbfa-rounded\u00bb size=\u00bbfa-2x\u00bb icon_automatic=\u00bbyes\u00bb uncode_shortcode_id=\u00bb168131&#8243; icon_color_type=\u00bbuncode-palette\u00bb]Viva las fiestas t\u00edpicas espa\u00f1olas y disfrute del baile tradicional espa\u00f1ol.[\/vc_icon][\/vc_column_inner][\/vc_row_inner][\/vc_column][vc_column column_width_use_pixel=\u00bbyes\u00bb align_horizontal=\u00bbalign_center\u00bb gutter_size=\u00bb3&#8243; overlay_alpha=\u00bb50&#8243; shift_x=\u00bb-2&#8243; shift_y=\u00bb0&#8243; shift_y_down=\u00bb0&#8243; z_index=\u00bb0&#8243; medium_width=\u00bb0&#8243; mobile_width=\u00bb0&#8243; css_animation=\u00bbbottom-t-top\u00bb width=\u00bb1\/3&#8243; column_width_pixel=\u00bb400&#8243;][vc_row_inner row_inner_height_percent=\u00bb0&#8243; overlay_alpha=\u00bb50&#8243; gutter_size=\u00bb3&#8243; border_color=\u00bbcolor-517719&#8243; border_style=\u00bbsolid\u00bb shift_y=\u00bb0&#8243; z_index=\u00bb0&#8243; css=\u00bb.vc_custom_1554845550955{border-top-width: 1px !important;border-right-width: 1px !important;border-bottom-width: 1px !important;border-left-width: 1px !important;padding-top: 36px !important;padding-right: 36px !important;padding-bottom: 36px !important;padding-left: 36px !important;}\u00bb limit_content=\u00bb\u00bb][vc_column_inner column_width_percent=\u00bb100&#8243; align_horizontal=\u00bbalign_center\u00bb gutter_size=\u00bb3&#8243; overlay_alpha=\u00bb50&#8243; border_color=\u00bbcolor-517719&#8243; border_style=\u00bbsolid\u00bb shift_x=\u00bb0&#8243; shift_y=\u00bb0&#8243; shift_y_down=\u00bb0&#8243; z_index=\u00bb0&#8243; medium_width=\u00bb0&#8243; mobile_width=\u00bb0&#8243; width=\u00bb1\/1&#8243; css=\u00bb.vc_custom_1554845455306{border: 1px initial !important;}\u00bb][vc_icon icon=\u00bbfa fa-dinner\u00bb icon_color=\u00bbcolor-517719&#8243; background_style=\u00bbfa-rounded\u00bb size=\u00bbfa-2x\u00bb icon_automatic=\u00bbyes\u00bb uncode_shortcode_id=\u00bb113135&#8243; icon_color_type=\u00bbuncode-palette\u00bb]Puede disfrutar de la cocina tradicional espa\u00f1ola en uno de los muchos restaurantes de la plaza del mercado. Aqu\u00ed se sirven platos regionales tradicionales como el gazpacho, la parra y las migas.<\/p>\n<p>La peque\u00f1a localidad de Fuente de Piedra tambi\u00e9n es conocida por su fant\u00e1stico aceite de oliva \u00abLa Laguna de Fuente de Piedra\u00bb y por la harina que all\u00ed se produce.[\/vc_icon][\/vc_column_inner][\/vc_row_inner][\/vc_column][\/vc_row][vc_row unlock_row_content=\u00bbyes\u00bb row_height_percent=\u00bb0&#8243; override_padding=\u00bbyes\u00bb h_padding=\u00bb0&#8243; top_padding=\u00bb0&#8243; bottom_padding=\u00bb2&#8243; overlay_alpha=\u00bb50&#8243; gutter_size=\u00bb3&#8243; column_width_percent=\u00bb100&#8243; shift_y=\u00bb0&#8243; z_index=\u00bb0&#8243;][vc_column column_width_percent=\u00bb100&#8243; align_horizontal=\u00bbalign_center\u00bb gutter_size=\u00bb4&#8243; overlay_alpha=\u00bb50&#8243; shift_x=\u00bb0&#8243; shift_y=\u00bb0&#8243; shift_y_down=\u00bb0&#8243; z_index=\u00bb0&#8243; medium_width=\u00bb0&#8243; mobile_width=\u00bb0&#8243; width=\u00bb1\/1&#8243;][vc_gallery el_id=\u00bbgallery-187435&#8243; medias=\u00bb908,881,859,803,796,1119,992,794,1043,1125,1041,1033&#8243; gutter_size=\u00bb1&#8243; media_items=\u00bbmedia|lightbox|original,icon|lg\u00bb screen_lg=\u00bb1000&#8243; screen_md=\u00bb600&#8243; screen_sm=\u00bb250&#8243; single_width=\u00bb2&#8243; single_overlay_color=\u00bbcolor-517719&#8243; single_overlay_opacity=\u00bb95&#8243; single_image_anim=\u00bbno\u00bb single_h_align=\u00bbcenter\u00bb single_padding=\u00bb2&#8243; single_icon=\u00bbfa fa-pictures\u00bb single_border=\u00bbyes\u00bb single_css_animation=\u00bbzoom-in\u00bb single_animation_speed=\u00bb800&#8243; single_animation_delay=\u00bb200&#8243; lbox_skin=\u00bbwhite\u00bb lbox_title=\u00bbyes\u00bb items=\u00bbeyI0MzhfaSI6eyJzaW5nbGVfb3ZlcmxheV92aXNpYmxlIjoibm8iLCJzaW5nbGVfdGV4dF92aXNpYmxlIjoibm8ifX0=\u00bb][\/vc_column][\/vc_row][vc_row row_height_percent=\u00bb0&#8243; overlay_alpha=\u00bb50&#8243; gutter_size=\u00bb3&#8243; column_width_percent=\u00bb100&#8243; shift_y=\u00bb0&#8243; z_index=\u00bb0&#8243;][vc_column column_width_use_pixel=\u00bbyes\u00bb gutter_size=\u00bb3&#8243; overlay_alpha=\u00bb50&#8243; shift_x=\u00bb0&#8243; shift_y=\u00bb0&#8243; shift_y_down=\u00bb0&#8243; z_index=\u00bb0&#8243; medium_width=\u00bb0&#8243; mobile_width=\u00bb0&#8243; width=\u00bb1\/1&#8243; column_width_pixel=\u00bb800&#8243;][vc_column_text]En nuestro 2019 abri\u00f3 <strong><strong>Piso Hotel La Laguna<\/strong><\/strong><\/p>\n<p>en el centro de Fuente de Piedra, tienes a tu disposici\u00f3n <strong>16 pisos de vacaciones modernos y muy bien equipados<\/strong> para dos o tres personas, a los que podr\u00e1s retirarte despu\u00e9s de tus excursiones. Refr\u00e9scate en la piscina y luego disfruta de las templadas noches espa\u00f1olas con una botella de Rioja y una buena loncha de Secreto del Cerdo Ib\u00e9rico, por ejemplo, en La Taberna de Joaquim, en la plaza del mercado.<\/p>\n<p>Por ejemplo, en <a href=\"https:\/\/www.tripadvisor.de\/Restaurant_Review-g672741-d2701650-Reviews-La_Taberna_De_Joaquin-Fuente_de_Piedra_Province_of_Malaga_Andalucia.html\" target=\"_blank\" rel=\"noopener noreferrer\">La Taberna de Joaquim<\/a>, en la plaza del mercado. Coge un libro de la peque\u00f1a biblioteca del vest\u00edbulo y rel\u00e1jate o planifica tus pr\u00f3ximas excursiones por los alrededores<strong>\u00a1Bienvenido a casa!<\/strong>[\/vc_column_text][\/vc_column][\/vc_row][vc_row unlock_row_content=\u00bbyes\u00bb row_height_percent=\u00bb0&#8243; override_padding=\u00bbyes\u00bb h_padding=\u00bb0&#8243; top_padding=\u00bb2&#8243; bottom_padding=\u00bb2&#8243; overlay_alpha=\u00bb50&#8243; gutter_size=\u00bb3&#8243; column_width_percent=\u00bb100&#8243; shift_y=\u00bb0&#8243; z_index=\u00bb0&#8243;][vc_column column_width_percent=\u00bb100&#8243; align_horizontal=\u00bbalign_center\u00bb gutter_size=\u00bb4&#8243; overlay_alpha=\u00bb50&#8243; shift_x=\u00bb0&#8243; shift_y=\u00bb0&#8243; shift_y_down=\u00bb0&#8243; z_index=\u00bb0&#8243; medium_width=\u00bb0&#8243; mobile_width=\u00bb0&#8243; width=\u00bb1\/1&#8243;][vc_button button_color=\u00bbcolor-517719&#8243; size=\u00bbbtn-xl\u00bb border_animation=\u00bbbtn-ripple-out\u00bb border_width=\u00bb0&#8243; css_animation=\u00bbzoom-in\u00bb link=\u00bburl:https%3A%2F%2Fwww.apartment-lalaguna.com%2Fes%2Fapartamentos-de-vacaciones%2F|title:Ferienapartments|\u00bb icon=\u00bbfa fa-home3&#8243; button_color_type=\u00bbuncode-palette\u00bb uncode_shortcode_id=\u00bb145805&#8243;]a los apartamentos[\/vc_button][\/vc_column][\/vc_row]<\/p>\n<\/div>","protected":false},"excerpt":{"rendered":"<p>[vc_row row_height_percent=\u00bb0&#8243; overlay_alpha=\u00bb50&#8243; gutter_size=\u00bb3&#8243; column_width_percent=\u00bb100&#8243; shift_y=\u00bb-5&#8243; z_index=\u00bb10&#8243; content_parallax=\u00bb0&#8243; uncode_shortcode_id=\u00bb184847&#8243;][vc_column column_width_percent=\u00bb100&#8243; gutter_size=\u00bb3&#8243; style=\u00bblight\u00bb back_color=\u00bbcolor-xsdn\u00bb overlay_alpha=\u00bb50&#8243; radius=\u00bbsm\u00bb shift_x=\u00bb0&#8243; shift_y=\u00bb0&#8243; shift_y_down=\u00bb0&#8243; z_index=\u00bb0&#8243; medium_width=\u00bb0&#8243; [&hellip;]<\/p>\n","protected":false},"author":2,"featured_media":0,"parent":0,"menu_order":7,"comment_status":"closed","ping_status":"closed","template":"","meta":{"iawp_total_views":1864,"footnotes":""},"class_list":["post-2012","page","type-page","status-publish","hentry"],"_links":{"self":[{"href":"https:\/\/www.apartment-lalaguna.com\/es\/wp-json\/wp\/v2\/pages\/2012","targetHints":{"allow":["GET"]}}],"collection":[{"href":"https:\/\/www.apartment-lalaguna.com\/es\/wp-json\/wp\/v2\/pages"}],"about":[{"href":"https:\/\/www.apartment-lalaguna.com\/es\/wp-json\/wp\/v2\/types\/page"}],"author":[{"embeddable":true,"href":"https:\/\/www.apartment-lalaguna.com\/es\/wp-json\/wp\/v2\/users\/2"}],"replies":[{"embeddable":true,"href":"https:\/\/www.apartment-lalaguna.com\/es\/wp-json\/wp\/v2\/comments?post=2012"}],"version-history":[{"count":12,"href":"https:\/\/www.apartment-lalaguna.com\/es\/wp-json\/wp\/v2\/pages\/2012\/revisions"}],"predecessor-version":[{"id":71229,"href":"https:\/\/www.apartment-lalaguna.com\/es\/wp-json\/wp\/v2\/pages\/2012\/revisions\/71229"}],"wp:attachment":[{"href":"https:\/\/www.apartment-lalaguna.com\/es\/wp-json\/wp\/v2\/media?parent=2012"}],"curies":[{"name":"wp","href":"https:\/\/api.w.org\/{rel}","templated":true}]}}