{"id":2081,"date":"2019-07-24T17:49:37","date_gmt":"2019-07-24T15:49:37","guid":{"rendered":"https:\/\/www.hotel-la-laguna.com\/consejos-de-excursiones\/"},"modified":"2024-03-15T19:40:28","modified_gmt":"2024-03-15T18:40:28","slug":"consejos-de-excursiones","status":"publish","type":"page","link":"https:\/\/www.apartment-lalaguna.com\/es\/consejos-de-excursiones\/","title":{"rendered":"Consejos de Excursiones"},"content":{"rendered":"<div class=\"wpb-content-wrapper\"><p>[vc_row unlock_row_content=\u00bbyes\u00bb row_height_percent=\u00bb0&#8243; override_padding=\u00bbyes\u00bb h_padding=\u00bb0&#8243; top_padding=\u00bb4&#8243; bottom_padding=\u00bb2&#8243; overlay_alpha=\u00bb50&#8243; gutter_size=\u00bb3&#8243; column_width_percent=\u00bb100&#8243; shift_y=\u00bb0&#8243; z_index=\u00bb0&#8243; row_custom_slug_check=\u00bbyes\u00bb uncode_shortcode_id=\u00bb415040&#8243; row_name=\u00bbSt\u00e4dte\u00bb row_custom_slug=\u00bbstaedte\u00bb][vc_column column_width_use_pixel=\u00bbyes\u00bb align_horizontal=\u00bbalign_center\u00bb gutter_size=\u00bb3&#8243; overlay_alpha=\u00bb50&#8243; shift_x=\u00bb0&#8243; shift_y=\u00bb0&#8243; shift_y_down=\u00bb0&#8243; z_index=\u00bb0&#8243; medium_width=\u00bb0&#8243; mobile_width=\u00bb0&#8243; width=\u00bb1\/1&#8243; column_width_pixel=\u00bb1200&#8243;][vc_custom_heading uncode_shortcode_id=\u00bb144935&#8243;]Ciudades[\/vc_custom_heading][\/vc_column][\/vc_row][vc_row row_height_percent=\u00bb0&#8243; override_padding=\u00bbyes\u00bb h_padding=\u00bb2&#8243; top_padding=\u00bb3&#8243; bottom_padding=\u00bb3&#8243; overlay_color=\u00bbcolor-517719&#8243; overlay_alpha=\u00bb6&#8243; gutter_size=\u00bb4&#8243; column_width_percent=\u00bb100&#8243; shift_y=\u00bb0&#8243; z_index=\u00bb0&#8243; uncode_shortcode_id=\u00bb281883&#8243; overlay_color_type=\u00bbuncode-palette\u00bb][vc_column width=\u00bb2\/3&#8243;][vc_custom_heading heading_semantic=\u00bbh3&#8243; text_size=\u00bbh3&#8243; uncode_shortcode_id=\u00bb261521&#8243;]Granada &#8211; La joya \u00e1rabe[\/vc_custom_heading][vc_column_text uncode_shortcode_id=\u00bb517240&#8243;]Granada es una de las ciudades m\u00e1s bellas de Espa\u00f1a y ofrece un marco hist\u00f3rico inolvidable. Visitantes de todo el mundo acuden aqu\u00ed para admirar y explorar los notables edificios moriscos. El centro es f\u00e1cil de explorar a pie y combina barrios aut\u00e9nticos, coloridos mercados, flamenco y varios bares de tapas.<\/p>\n<p>El monumento m\u00e1s famoso es la Alhambra de Granada. Este palacio hist\u00f3rico, considerado la cumbre de la arquitectura isl\u00e1mica, le impresionar\u00e1 y cautivar\u00e1 por su fascinante belleza.<\/p>\n<p><strong>Distancia:<\/strong> 110 km<br \/>\n<strong>Coche:<\/strong> 1h 10min[\/vc_column_text][\/vc_column][vc_column column_width_percent=\u00bb100&#8243; position_vertical=\u00bbbottom\u00bb align_horizontal=\u00bbalign_right\u00bb gutter_size=\u00bb3&#8243; overlay_alpha=\u00bb50&#8243; shift_x=\u00bb0&#8243; shift_y=\u00bb0&#8243; shift_y_down=\u00bb0&#8243; z_index=\u00bb0&#8243; medium_width=\u00bb0&#8243; mobile_width=\u00bb0&#8243; width=\u00bb1\/3&#8243; uncode_shortcode_id=\u00bb715334&#8243;][vc_gallery el_id=\u00bbgallery-187435&#8243; medias=\u00bb1844&#8243; gutter_size=\u00bb1&#8243; media_items=\u00bbmedia|lightbox|original,icon|lg\u00bb screen_lg=\u00bb1000&#8243; screen_md=\u00bb600&#8243; screen_sm=\u00bb250&#8243; single_text=\u00bbunder\u00bb single_width=\u00bb12&#8243; images_size=\u00bbone-one\u00bb single_overlay_opacity=\u00bb1&#8243; single_overlay_visible=\u00bbyes\u00bb single_overlay_anim=\u00bbno\u00bb single_text_visible=\u00bbyes\u00bb single_image_color_anim=\u00bbyes\u00bb single_image_anim=\u00bbno\u00bb single_h_align=\u00bbcenter\u00bb single_padding=\u00bb1&#8243; single_title_family=\u00bbfont-197640&#8243; single_title_dimension=\u00bbh3&#8243; single_title_weight=\u00bb400&#8243; single_title_transform=\u00bbuppercase\u00bb single_icon=\u00bbfa fa-pictures\u00bb single_border=\u00bbyes\u00bb single_css_animation=\u00bbzoom-in\u00bb single_animation_speed=\u00bb800&#8243; single_animation_delay=\u00bb200&#8243; lbox_caption=\u00bbyes\u00bb uncode_shortcode_id=\u00bb943993&#8243;][\/vc_column][\/vc_row][vc_row row_height_percent=\u00bb0&#8243; override_padding=\u00bbyes\u00bb h_padding=\u00bb2&#8243; top_padding=\u00bb3&#8243; bottom_padding=\u00bb3&#8243; overlay_color=\u00bbcolor-517719&#8243; overlay_alpha=\u00bb12&#8243; gutter_size=\u00bb4&#8243; column_width_percent=\u00bb100&#8243; shift_y=\u00bb0&#8243; z_index=\u00bb0&#8243; uncode_shortcode_id=\u00bb205091&#8243; overlay_color_type=\u00bbuncode-palette\u00bb][vc_column width=\u00bb2\/3&#8243;][vc_custom_heading heading_semantic=\u00bbh3&#8243; text_size=\u00bbh3&#8243; uncode_shortcode_id=\u00bb126132&#8243;]Ronda &#8211; La ciudad sobre una meseta rocosa[\/vc_custom_heading][vc_column_text uncode_shortcode_id=\u00bb730951&#8243;]Ronda es una peque\u00f1a ciudad de Andaluc\u00eda y uno de los pueblos blancos. La ciudad es conocida sobre todo por su ubicaci\u00f3n \u00fanica. El casco antiguo se construy\u00f3 sobre una meseta rocosa y est\u00e1 separado del resto de la ciudad por un barranco. Las dos partes est\u00e1n conectadas por el famoso puente Nuevo.<\/p>\n<p>Otros puntos destacados de la ciudad son los ba\u00f1os \u00e1rabes \u00abBa\u00f1os Arabes\u00bb, el edificio morisco \u00abCasa del Rey Moro\u00bb y el mirador \u00abMirador de Ronda\u00bb, que le ofrece una impresionante vista sobre la inmensidad de Andaluc\u00eda.<\/p>\n<p><strong>Distancia:<\/strong> 80 km<br \/>\n<strong>Coche:<\/strong> 1h 10min[\/vc_column_text][\/vc_column][vc_column column_width_percent=\u00bb100&#8243; position_horizontal=\u00bbright\u00bb position_vertical=\u00bbbottom\u00bb align_horizontal=\u00bbalign_right\u00bb gutter_size=\u00bb3&#8243; overlay_alpha=\u00bb50&#8243; shift_x=\u00bb0&#8243; shift_y=\u00bb0&#8243; shift_y_down=\u00bb0&#8243; z_index=\u00bb0&#8243; medium_width=\u00bb0&#8243; mobile_width=\u00bb0&#8243; width=\u00bb1\/3&#8243; uncode_shortcode_id=\u00bb383612&#8243;][vc_gallery el_id=\u00bbgallery-187435&#8243; medias=\u00bb1956&#8243; gutter_size=\u00bb1&#8243; media_items=\u00bbmedia|lightbox|original,icon|lg\u00bb screen_lg=\u00bb1000&#8243; screen_md=\u00bb600&#8243; screen_sm=\u00bb250&#8243; single_text=\u00bbunder\u00bb single_width=\u00bb12&#8243; images_size=\u00bbone-one\u00bb single_overlay_opacity=\u00bb1&#8243; single_overlay_visible=\u00bbyes\u00bb single_overlay_anim=\u00bbno\u00bb single_text_visible=\u00bbyes\u00bb single_image_color_anim=\u00bbyes\u00bb single_image_anim=\u00bbno\u00bb single_h_align=\u00bbcenter\u00bb single_padding=\u00bb1&#8243; single_title_family=\u00bbfont-197640&#8243; single_title_dimension=\u00bbh3&#8243; single_title_weight=\u00bb400&#8243; single_title_transform=\u00bbuppercase\u00bb single_icon=\u00bbfa fa-pictures\u00bb single_border=\u00bbyes\u00bb single_css_animation=\u00bbzoom-in\u00bb single_animation_speed=\u00bb800&#8243; single_animation_delay=\u00bb200&#8243; lbox_caption=\u00bbyes\u00bb uncode_shortcode_id=\u00bb427268&#8243;][\/vc_column][\/vc_row][vc_row row_height_percent=\u00bb0&#8243; override_padding=\u00bbyes\u00bb h_padding=\u00bb2&#8243; top_padding=\u00bb3&#8243; bottom_padding=\u00bb3&#8243; overlay_color=\u00bbcolor-517719&#8243; overlay_alpha=\u00bb6&#8243; gutter_size=\u00bb4&#8243; column_width_percent=\u00bb100&#8243; shift_y=\u00bb0&#8243; z_index=\u00bb0&#8243; uncode_shortcode_id=\u00bb203170&#8243; overlay_color_type=\u00bbuncode-palette\u00bb][vc_column width=\u00bb2\/3&#8243;][vc_custom_heading heading_semantic=\u00bbh3&#8243; text_size=\u00bbh3&#8243; uncode_shortcode_id=\u00bb848002&#8243;]El Torcal[\/vc_custom_heading][vc_column_text uncode_shortcode_id=\u00bb186559&#8243;]La reserva natural de El Torcal es un destino perfecto para excursionistas y aventureros. Dos rutas de senderismo con diferentes niveles de dificultad est\u00e1n se\u00f1alizadas y son de libre acceso para todo el mundo. Ofrecen unas vistas impresionantes de la regi\u00f3n. Una tercera ruta de senderismo conduce al punto m\u00e1s alto de El Trocal (1.400 metros). Sin embargo, s\u00f3lo es accesible en visitas guiadas, para las que hay que inscribirse en el centro de visitantes. Sugerencia: si el tiempo es favorable, podr\u00e1 incluso ver la costa africana.<\/p>\n<p><strong>Distancia:<\/strong> 37 km<br \/>\n<strong>Coche:<\/strong> 0h 40min[\/vc_column_text][\/vc_column][vc_column column_width_percent=\u00bb100&#8243; position_horizontal=\u00bbright\u00bb position_vertical=\u00bbbottom\u00bb align_horizontal=\u00bbalign_right\u00bb gutter_size=\u00bb3&#8243; overlay_alpha=\u00bb50&#8243; shift_x=\u00bb0&#8243; shift_y=\u00bb0&#8243; shift_y_down=\u00bb0&#8243; z_index=\u00bb0&#8243; medium_width=\u00bb0&#8243; mobile_width=\u00bb0&#8243; width=\u00bb1\/3&#8243; uncode_shortcode_id=\u00bb383612&#8243;][vc_gallery el_id=\u00bbgallery-187435&#8243; medias=\u00bb1863&#8243; gutter_size=\u00bb1&#8243; media_items=\u00bbmedia|lightbox|original,icon|lg\u00bb screen_lg=\u00bb1000&#8243; screen_md=\u00bb600&#8243; screen_sm=\u00bb250&#8243; single_text=\u00bbunder\u00bb single_width=\u00bb12&#8243; images_size=\u00bbone-one\u00bb single_overlay_opacity=\u00bb1&#8243; single_overlay_visible=\u00bbyes\u00bb single_overlay_anim=\u00bbno\u00bb single_text_visible=\u00bbyes\u00bb single_image_color_anim=\u00bbyes\u00bb single_image_anim=\u00bbno\u00bb single_h_align=\u00bbcenter\u00bb single_padding=\u00bb1&#8243; single_title_family=\u00bbfont-197640&#8243; single_title_dimension=\u00bbh3&#8243; single_title_weight=\u00bb400&#8243; single_title_transform=\u00bbuppercase\u00bb single_icon=\u00bbfa fa-pictures\u00bb single_border=\u00bbyes\u00bb single_css_animation=\u00bbzoom-in\u00bb single_animation_speed=\u00bb800&#8243; single_animation_delay=\u00bb200&#8243; lbox_caption=\u00bbyes\u00bb uncode_shortcode_id=\u00bb189147&#8243;][\/vc_column][\/vc_row][vc_row row_height_percent=\u00bb0&#8243; override_padding=\u00bbyes\u00bb h_padding=\u00bb2&#8243; top_padding=\u00bb3&#8243; bottom_padding=\u00bb3&#8243; overlay_color=\u00bbcolor-517719&#8243; overlay_alpha=\u00bb12&#8243; gutter_size=\u00bb4&#8243; column_width_percent=\u00bb100&#8243; shift_y=\u00bb0&#8243; z_index=\u00bb0&#8243; uncode_shortcode_id=\u00bb126295&#8243; overlay_color_type=\u00bbuncode-palette\u00bb][vc_column width=\u00bb2\/3&#8243;][vc_custom_heading heading_semantic=\u00bbh3&#8243; text_size=\u00bbh3&#8243; uncode_shortcode_id=\u00bb155300&#8243;]C\u00f3rdoba, historia que se puede tocar[\/vc_custom_heading][vc_column_text uncode_shortcode_id=\u00bb885689&#8243;]C\u00f3rdoba es la tercera ciudad m\u00e1s grande de Andaluc\u00eda y le llevar\u00e1 en un viaje a trav\u00e9s del tiempo. La ciudad puede recorrerse f\u00e1cilmente a pie, ya que casi todos los lugares de inter\u00e9s se encuentran en el centro. Merece la pena visitar el barrio jud\u00edo y los famosos patios decorados con flores.<\/p>\n<p>Probablemente el monumento m\u00e1s famoso y de visita obligada sea la Mezquita. Una antigua mezquita que m\u00e1s tarde se convirti\u00f3 en iglesia cat\u00f3lica. A\u00fan hoy se pueden encontrar rasgos de ambas religiones en el complejo y maravillarse ante la fusi\u00f3n de las dos religiones.<\/p>\n<p>Tambi\u00e9n destacan el Alc\u00e1zar de los Reyes Cristianos y el Puente Romano. Consejo: C\u00f3rdoba es conocida por sus numerosas fiestas y ferias, que se celebran principalmente en primavera y a principios de verano.<\/p>\n<p><strong>Distancia:<\/strong> 120 km<br \/>\n<strong>Coche:<\/strong> 1h 20min[\/vc_column_text][\/vc_column][vc_column column_width_percent=\u00bb100&#8243; position_vertical=\u00bbbottom\u00bb align_horizontal=\u00bbalign_right\u00bb gutter_size=\u00bb3&#8243; overlay_alpha=\u00bb50&#8243; shift_x=\u00bb0&#8243; shift_y=\u00bb0&#8243; shift_y_down=\u00bb0&#8243; z_index=\u00bb0&#8243; medium_width=\u00bb0&#8243; mobile_width=\u00bb0&#8243; width=\u00bb1\/3&#8243; uncode_shortcode_id=\u00bb715334&#8243;][vc_gallery el_id=\u00bbgallery-187435&#8243; medias=\u00bb1858&#8243; gutter_size=\u00bb1&#8243; media_items=\u00bbmedia|lightbox|original,icon|lg\u00bb screen_lg=\u00bb1000&#8243; screen_md=\u00bb600&#8243; screen_sm=\u00bb250&#8243; single_text=\u00bbunder\u00bb single_width=\u00bb12&#8243; images_size=\u00bbone-one\u00bb single_overlay_opacity=\u00bb1&#8243; single_overlay_visible=\u00bbyes\u00bb single_overlay_anim=\u00bbno\u00bb single_text_visible=\u00bbyes\u00bb single_image_color_anim=\u00bbyes\u00bb single_image_anim=\u00bbno\u00bb single_h_align=\u00bbcenter\u00bb single_padding=\u00bb1&#8243; single_title_family=\u00bbfont-197640&#8243; single_title_dimension=\u00bbh3&#8243; single_title_weight=\u00bb400&#8243; single_title_transform=\u00bbuppercase\u00bb single_icon=\u00bbfa fa-pictures\u00bb single_border=\u00bbyes\u00bb single_css_animation=\u00bbzoom-in\u00bb single_animation_speed=\u00bb800&#8243; single_animation_delay=\u00bb200&#8243; lbox_caption=\u00bbyes\u00bb uncode_shortcode_id=\u00bb145582&#8243;][\/vc_column][\/vc_row][vc_row row_height_percent=\u00bb0&#8243; override_padding=\u00bbyes\u00bb h_padding=\u00bb2&#8243; top_padding=\u00bb3&#8243; bottom_padding=\u00bb3&#8243; overlay_color=\u00bbcolor-517719&#8243; overlay_alpha=\u00bb6&#8243; gutter_size=\u00bb4&#8243; column_width_percent=\u00bb100&#8243; shift_y=\u00bb0&#8243; z_index=\u00bb0&#8243; uncode_shortcode_id=\u00bb115113&#8243; overlay_color_type=\u00bbuncode-palette\u00bb][vc_column width=\u00bb2\/3&#8243;][vc_custom_heading heading_semantic=\u00bbh3&#8243; text_size=\u00bbh3&#8243; uncode_shortcode_id=\u00bb182017&#8243;]Antequera, el coraz\u00f3n de Andaluc\u00eda[\/vc_custom_heading][vc_column_text uncode_shortcode_id=\u00bb588456&#8243;]Antequera es una peque\u00f1a ciudad de la provincia de M\u00e1laga, con un precioso casco antiguo, callejuelas y, sobre todo, un gran n\u00famero de iglesias. En la peque\u00f1a ciudad se pueden visitar y admirar unas 40 iglesias y conventos.<\/p>\n<p>Otro punto destacado son los yacimientos dolm\u00e9nicos de Antequera, a pocos minutos, que albergan numerosos objetos culturales e hist\u00f3ricos.<br \/>\nmonumentos naturales.<\/p>\n<p><strong>Distancia:<\/strong> 26 km<br \/>\n<strong>Coche:<\/strong> 25min[\/vc_column_text][\/vc_column][vc_column column_width_percent=\u00bb100&#8243; position_horizontal=\u00bbright\u00bb position_vertical=\u00bbbottom\u00bb align_horizontal=\u00bbalign_right\u00bb gutter_size=\u00bb3&#8243; overlay_alpha=\u00bb50&#8243; shift_x=\u00bb0&#8243; shift_y=\u00bb0&#8243; shift_y_down=\u00bb0&#8243; z_index=\u00bb0&#8243; medium_width=\u00bb0&#8243; mobile_width=\u00bb0&#8243; width=\u00bb1\/3&#8243; uncode_shortcode_id=\u00bb383612&#8243;][vc_gallery el_id=\u00bbgallery-187435&#8243; medias=\u00bb1815&#8243; gutter_size=\u00bb1&#8243; media_items=\u00bbmedia|lightbox|original,icon|lg\u00bb screen_lg=\u00bb1000&#8243; screen_md=\u00bb600&#8243; screen_sm=\u00bb250&#8243; single_text=\u00bbunder\u00bb single_width=\u00bb12&#8243; images_size=\u00bbone-one\u00bb single_overlay_opacity=\u00bb1&#8243; single_overlay_visible=\u00bbyes\u00bb single_overlay_anim=\u00bbno\u00bb single_text_visible=\u00bbyes\u00bb single_image_color_anim=\u00bbyes\u00bb single_image_anim=\u00bbno\u00bb single_h_align=\u00bbcenter\u00bb single_padding=\u00bb1&#8243; single_title_family=\u00bbfont-197640&#8243; single_title_dimension=\u00bbh3&#8243; single_title_weight=\u00bb400&#8243; single_title_transform=\u00bbuppercase\u00bb single_icon=\u00bbfa fa-pictures\u00bb single_border=\u00bbyes\u00bb single_css_animation=\u00bbzoom-in\u00bb single_animation_speed=\u00bb800&#8243; single_animation_delay=\u00bb200&#8243; lbox_caption=\u00bbyes\u00bb uncode_shortcode_id=\u00bb211861&#8243;][\/vc_column][\/vc_row][vc_row row_height_percent=\u00bb0&#8243; override_padding=\u00bbyes\u00bb h_padding=\u00bb2&#8243; top_padding=\u00bb3&#8243; bottom_padding=\u00bb3&#8243; overlay_color=\u00bbcolor-517719&#8243; overlay_alpha=\u00bb12&#8243; gutter_size=\u00bb4&#8243; column_width_percent=\u00bb100&#8243; shift_y=\u00bb0&#8243; z_index=\u00bb0&#8243; uncode_shortcode_id=\u00bb126295&#8243; overlay_color_type=\u00bbuncode-palette\u00bb][vc_column width=\u00bb2\/3&#8243;][vc_custom_heading heading_semantic=\u00bbh3&#8243; text_size=\u00bbh3&#8243; uncode_shortcode_id=\u00bb177759&#8243;]Sevilla &#8211; La capital de Andaluc\u00eda[\/vc_custom_heading][vc_column_text uncode_shortcode_id=\u00bb161585&#8243;]Sevilla es la cuarta ciudad m\u00e1s grande de Espa\u00f1a y encandila a los visitantes con sus numerosos hitos hist\u00f3ricos. El casco antiguo se caracteriza por la cultura \u00e1rabe de los moriscos. Las numerosas callejuelas, los parques y los numerosos museos, palacios y torres invitan a pasear y deambular.<\/p>\n<p>Lo m\u00e1s destacado de la ciudad son los Reales Alc\u00e1zares, la Plaza de Espa\u00f1a y la Catedral de Sevilla. Una atracci\u00f3n m\u00e1s moderna de la ciudad es el Metropol Parasol, las llamadas \u00absetas de Sevilla\u00bb. Inaugurado en 2011, es la mayor estructura de madera del mundo y est\u00e1 situado en pleno centro de la ciudad. El edificio alberga un museo hist\u00f3rico con objetos de la \u00e9poca romana, el gran mercado, numerosas tiendas y bares, as\u00ed como una gran variedad de restaurantes. En la parte superior, una terraza panor\u00e1mica encanta con una maravillosa vista sobre el edificio y el centro hist\u00f3rico de Sevilla. El Barrio de Triana es tambi\u00e9n la cuna del flamenco t\u00edpico espa\u00f1ol.<\/p>\n<p><strong>Distancia:<\/strong> 138 km<br \/>\n<strong>Coche:<\/strong> 1h 25min[\/vc_column_text][\/vc_column][vc_column column_width_percent=\u00bb100&#8243; position_vertical=\u00bbbottom\u00bb align_horizontal=\u00bbalign_right\u00bb gutter_size=\u00bb3&#8243; overlay_alpha=\u00bb50&#8243; shift_x=\u00bb0&#8243; shift_y=\u00bb0&#8243; shift_y_down=\u00bb0&#8243; z_index=\u00bb0&#8243; medium_width=\u00bb0&#8243; mobile_width=\u00bb0&#8243; width=\u00bb1\/3&#8243; uncode_shortcode_id=\u00bb715334&#8243;][\/vc_column][\/vc_row][vc_row row_height_percent=\u00bb0&#8243; override_padding=\u00bbyes\u00bb h_padding=\u00bb2&#8243; top_padding=\u00bb3&#8243; bottom_padding=\u00bb3&#8243; overlay_color=\u00bbcolor-517719&#8243; overlay_alpha=\u00bb6&#8243; gutter_size=\u00bb4&#8243; column_width_percent=\u00bb100&#8243; shift_y=\u00bb0&#8243; z_index=\u00bb0&#8243; uncode_shortcode_id=\u00bb115113&#8243; overlay_color_type=\u00bbuncode-palette\u00bb][vc_column width=\u00bb2\/3&#8243;][vc_custom_heading heading_semantic=\u00bbh3&#8243; text_size=\u00bbh3&#8243; uncode_shortcode_id=\u00bb639706&#8243;]Gibraltar &#8211; Estilo brit\u00e1nico en el sur de Espa\u00f1a[\/vc_custom_heading][vc_column_text uncode_shortcode_id=\u00bb397912&#8243;]Gibraltar es una pen\u00ednsula del sur de Espa\u00f1a considerada territorio brit\u00e1nico de ultramar. Es conocida sobre todo por sus numerosos macacos de Berber\u00eda, que se encuentran principalmente en la roca. Algunos de los monos son muy confiados y se les puede admirar de cerca.<\/p>\n<p>Otros puntos destacados de la ciudad son la Cueva de San Miguel, las Columnas de H\u00e9rcules y Main Street, que ofrece innumerables oportunidades para ir de compras. Muchos de los productos que pueden adquirirse en Gibraltar est\u00e1n exentos de IVA, por lo que Gibraltar se considera un aut\u00e9ntico para\u00edso para los compradores.<\/p>\n<p><strong>Distancia:<\/strong> 200 km<br \/>\n<strong>Coche:<\/strong> 2h 20min[\/vc_column_text][\/vc_column][vc_column column_width_percent=\u00bb100&#8243; position_horizontal=\u00bbright\u00bb position_vertical=\u00bbbottom\u00bb align_horizontal=\u00bbalign_right\u00bb gutter_size=\u00bb3&#8243; overlay_alpha=\u00bb50&#8243; shift_x=\u00bb0&#8243; shift_y=\u00bb0&#8243; shift_y_down=\u00bb0&#8243; z_index=\u00bb0&#8243; medium_width=\u00bb0&#8243; mobile_width=\u00bb0&#8243; width=\u00bb1\/3&#8243; uncode_shortcode_id=\u00bb383612&#8243;][\/vc_column][\/vc_row][vc_row row_height_percent=\u00bb0&#8243; override_padding=\u00bbyes\u00bb h_padding=\u00bb2&#8243; top_padding=\u00bb3&#8243; bottom_padding=\u00bb3&#8243; overlay_color=\u00bbcolor-517719&#8243; overlay_alpha=\u00bb12&#8243; gutter_size=\u00bb4&#8243; column_width_percent=\u00bb100&#8243; shift_y=\u00bb0&#8243; z_index=\u00bb0&#8243; uncode_shortcode_id=\u00bb126295&#8243; overlay_color_type=\u00bbuncode-palette\u00bb][vc_column width=\u00bb2\/3&#8243;][vc_custom_heading heading_semantic=\u00bbh3&#8243; text_size=\u00bbh3&#8243; uncode_shortcode_id=\u00bb179818&#8243;]Marbella &#8211; lujo con encanto[\/vc_custom_heading][vc_column_text uncode_shortcode_id=\u00bb110764&#8243;]Marbella z\u00e4hlt als Stadt der Sch\u00f6nen und Reichen und verf\u00fcgt \u00fcber eine hohe Popularit\u00e4t bei Promis. Vor allem der Jachthafen \u201ePuerto Ban\u00fas\u201c ist bei den VIP\u00b4s besonders beliebt. Aber auch die Altstadt hat einiges zu bieten.<\/p>\n<p>Absolute Highlights sind der mit Orangenb\u00e4umen ges\u00e4umte Plaza de los Naranjos, das Rathaus und der Parque de la Alameda. Au\u00dferdem l\u00e4dt Marbella, mit 20 Str\u00e4nden, an der 30km langen K\u00fcste, zu entspannenden Strandtagen ein. F\u00fcr Wanderbegeisterte gibt es ebenfalls viele M\u00f6glichkeiten. Ein Beispiel ist eine Wanderung direkt vom Stadtzentrum nach Oj\u00e9n \u00fcber den Puerto del Acebuche.<\/p>\n<p><strong>Entfernung:<\/strong> 125 km<br \/>\n<strong>Auto:<\/strong> 1h 15min[\/vc_column_text][\/vc_column][vc_column column_width_percent=\u00bb100&#8243; position_vertical=\u00bbbottom\u00bb align_horizontal=\u00bbalign_right\u00bb gutter_size=\u00bb3&#8243; overlay_alpha=\u00bb50&#8243; shift_x=\u00bb0&#8243; shift_y=\u00bb0&#8243; shift_y_down=\u00bb0&#8243; z_index=\u00bb0&#8243; medium_width=\u00bb0&#8243; mobile_width=\u00bb0&#8243; width=\u00bb1\/3&#8243; uncode_shortcode_id=\u00bb715334&#8243;][\/vc_column][\/vc_row][vc_row unlock_row_content=\u00bbyes\u00bb row_height_percent=\u00bb0&#8243; override_padding=\u00bbyes\u00bb h_padding=\u00bb0&#8243; top_padding=\u00bb6&#8243; bottom_padding=\u00bb2&#8243; overlay_alpha=\u00bb50&#8243; gutter_size=\u00bb3&#8243; column_width_percent=\u00bb100&#8243; shift_y=\u00bb0&#8243; z_index=\u00bb0&#8243; uncode_shortcode_id=\u00bb130469&#8243; row_name=\u00bbWandern\u00bb][vc_column column_width_use_pixel=\u00bbyes\u00bb align_horizontal=\u00bbalign_center\u00bb gutter_size=\u00bb3&#8243; overlay_alpha=\u00bb50&#8243; shift_x=\u00bb0&#8243; shift_y=\u00bb0&#8243; shift_y_down=\u00bb0&#8243; z_index=\u00bb0&#8243; medium_width=\u00bb0&#8243; mobile_width=\u00bb0&#8243; width=\u00bb1\/1&#8243; column_width_pixel=\u00bb1200&#8243;][vc_custom_heading uncode_shortcode_id=\u00bb181208&#8243;]Senderismo[\/vc_custom_heading][vc_column_text uncode_shortcode_id=\u00bb724783&#8243; el_class=\u00bbkolumnen\u00bb]Desde Fuente de Piedra parten varias rutas de senderismo con diferentes niveles de dificultad. Hay rutas cortas y f\u00e1ciles que incluso los excursionistas inexpertos pueden dominar, pero tambi\u00e9n hay otras m\u00e1s largas y dif\u00edciles que requieren un cierto nivel de forma f\u00edsica. La hermosa zona de la laguna cercana es especialmente popular entre los excursionistas.[\/vc_column_text][\/vc_column][\/vc_row][vc_row row_height_percent=\u00bb0&#8243; override_padding=\u00bbyes\u00bb h_padding=\u00bb2&#8243; top_padding=\u00bb3&#8243; bottom_padding=\u00bb3&#8243; overlay_color=\u00bbcolor-517719&#8243; overlay_alpha=\u00bb6&#8243; gutter_size=\u00bb4&#8243; column_width_percent=\u00bb100&#8243; shift_y=\u00bb0&#8243; z_index=\u00bb0&#8243; uncode_shortcode_id=\u00bb281883&#8243; overlay_color_type=\u00bbuncode-palette\u00bb][vc_column width=\u00bb2\/3&#8243;][vc_custom_heading heading_semantic=\u00bbh3&#8243; text_size=\u00bbh3&#8243; uncode_shortcode_id=\u00bb896467&#8243; subheading=\u00bbluz\u00bb]Laguna de Fuente de Piedra[\/vc_custom_heading][vc_column_text uncode_shortcode_id=\u00bb383879&#8243;]Esta sencilla excursi\u00f3n le llevar\u00e1 desde Fuente de Piedra hasta la laguna, ida y vuelta. La caminata es apta para todos los niveles de forma f\u00edsica y los senderos discurren en su mayor parte por superficies pavimentadas. El punto de partida de la ruta es el restaurante Tejada, en Fuente de Piedra.<\/p>\n<p><strong>Duraci\u00f3n:<\/strong> 1h 23min<br \/>\n<strong>Distancia:<\/strong> 5,30 km[\/vc_column_text][\/vc_column][vc_column column_width_percent=\u00bb100&#8243; position_vertical=\u00bbbottom\u00bb align_horizontal=\u00bbalign_right\u00bb gutter_size=\u00bb3&#8243; overlay_alpha=\u00bb50&#8243; shift_x=\u00bb0&#8243; shift_y=\u00bb0&#8243; shift_y_down=\u00bb0&#8243; z_index=\u00bb0&#8243; medium_width=\u00bb0&#8243; mobile_width=\u00bb0&#8243; width=\u00bb1\/3&#8243; uncode_shortcode_id=\u00bb715334&#8243;][vc_button button_color=\u00bbaccent\u00bb border_width=\u00bb0&#8243; link=\u00bburl:https%3A%2F%2Fwww.komoot.com%2Fde-de%2Fsmarttour%2F17225107%3Fref%3Dwsd|target:_blank|\u00bb uncode_shortcode_id=\u00bb124323&#8243; button_color_type=\u00bbuncode-palette\u00bb]Ver ruta en komoot[\/vc_button][\/vc_column][\/vc_row][vc_row row_height_percent=\u00bb0&#8243; override_padding=\u00bbyes\u00bb h_padding=\u00bb2&#8243; top_padding=\u00bb3&#8243; bottom_padding=\u00bb3&#8243; overlay_color=\u00bbcolor-517719&#8243; overlay_alpha=\u00bb12&#8243; gutter_size=\u00bb4&#8243; column_width_percent=\u00bb100&#8243; shift_y=\u00bb0&#8243; z_index=\u00bb0&#8243; uncode_shortcode_id=\u00bb878498&#8243; overlay_color_type=\u00bbuncode-palette\u00bb][vc_column width=\u00bb2\/3&#8243;][vc_custom_heading heading_semantic=\u00bbh3&#8243; text_size=\u00bbh3&#8243; uncode_shortcode_id=\u00bb720617&#8243; subheading=\u00bbluz\u00bb]La Vicaria[\/vc_custom_heading][vc_column_text uncode_shortcode_id=\u00bb151463&#8243;]La caminata conduce por el noroeste de la laguna hasta la zona de La Vicaria. Le llevar\u00e1 por varios miradores donde podr\u00e1 disfrutar de la maravillosa vista de la laguna. Los caminos son<br \/>\ny la ruta es apta para todos los niveles de forma f\u00edsica. El punto de partida es el aparcamiento del centro de visitantes.<\/p>\n<p><strong>Duraci\u00f3n:<\/strong> 1h 30min<br \/>\n<strong>Distancia:<\/strong> 6,90 km[\/vc_column_text][\/vc_column][vc_column column_width_percent=\u00bb100&#8243; position_vertical=\u00bbbottom\u00bb align_horizontal=\u00bbalign_right\u00bb gutter_size=\u00bb3&#8243; overlay_alpha=\u00bb50&#8243; shift_x=\u00bb0&#8243; shift_y=\u00bb0&#8243; shift_y_down=\u00bb0&#8243; z_index=\u00bb0&#8243; medium_width=\u00bb0&#8243; mobile_width=\u00bb0&#8243; width=\u00bb1\/3&#8243; uncode_shortcode_id=\u00bb715334&#8243;][vc_button button_color=\u00bbaccent\u00bb border_width=\u00bb0&#8243; link=\u00bburl:https%3A%2F%2Fwww.alltrails.com%2Fde%2Froute%2Fspain%2Fmalaga%2Fcerro-del-palo-la-vicaria%20%20|target:_blank|\u00bb uncode_shortcode_id=\u00bb807125&#8243; button_color_type=\u00bbuncode-palette\u00bb]Ver ruta en komoot[\/vc_button][\/vc_column][\/vc_row][vc_row row_height_percent=\u00bb0&#8243; override_padding=\u00bbyes\u00bb h_padding=\u00bb2&#8243; top_padding=\u00bb3&#8243; bottom_padding=\u00bb3&#8243; overlay_color=\u00bbcolor-517719&#8243; overlay_alpha=\u00bb6&#8243; gutter_size=\u00bb4&#8243; column_width_percent=\u00bb100&#8243; shift_y=\u00bb0&#8243; z_index=\u00bb0&#8243; uncode_shortcode_id=\u00bb281883&#8243; overlay_color_type=\u00bbuncode-palette\u00bb][vc_column width=\u00bb2\/3&#8243;][vc_custom_heading heading_semantic=\u00bbh3&#8243; text_size=\u00bbh3&#8243; uncode_shortcode_id=\u00bb179053&#8243; subheading=\u00bbmoderadamente dif\u00edcil\u00bb]\u00bbPeque\u00f1o recorrido por la laguna[\/vc_custom_heading][vc_column_text uncode_shortcode_id=\u00bb187699&#8243;]La ruta discurre por senderos en buen estado, pero debido a su longitud, es necesario estar en buena forma f\u00edsica. El punto de partida de esta ruta es el aparcamiento del centro de visitantes de la laguna.<\/p>\n<p><strong>Duraci\u00f3n:<\/strong> 4h 53min<br \/>\n<strong>Distancia:<\/strong> 19,00 km[\/vc_column_text][\/vc_column][vc_column column_width_percent=\u00bb100&#8243; position_vertical=\u00bbbottom\u00bb align_horizontal=\u00bbalign_right\u00bb gutter_size=\u00bb3&#8243; overlay_alpha=\u00bb50&#8243; shift_x=\u00bb0&#8243; shift_y=\u00bb0&#8243; shift_y_down=\u00bb0&#8243; z_index=\u00bb0&#8243; medium_width=\u00bb0&#8243; mobile_width=\u00bb0&#8243; width=\u00bb1\/3&#8243; uncode_shortcode_id=\u00bb715334&#8243;][vc_button button_color=\u00bbaccent\u00bb border_width=\u00bb0&#8243; link=\u00bburl:https%3A%2F%2Fwww.komoot.com%2Fde-de%2Fsmarttour%2F6878205%3Ftour_origin%3Dsmart_tour_search|target:_blank|\u00bb uncode_shortcode_id=\u00bb194857&#8243; button_color_type=\u00bbuncode-palette\u00bb]Ver ruta en komoot[\/vc_button][\/vc_column][\/vc_row][vc_row row_height_percent=\u00bb0&#8243; override_padding=\u00bbyes\u00bb h_padding=\u00bb2&#8243; top_padding=\u00bb3&#8243; bottom_padding=\u00bb3&#8243; overlay_color=\u00bbcolor-517719&#8243; overlay_alpha=\u00bb12&#8243; gutter_size=\u00bb4&#8243; column_width_percent=\u00bb100&#8243; shift_y=\u00bb0&#8243; z_index=\u00bb0&#8243; uncode_shortcode_id=\u00bb878498&#8243; overlay_color_type=\u00bbuncode-palette\u00bb][vc_column width=\u00bb2\/3&#8243;][vc_custom_heading heading_semantic=\u00bbh3&#8243; text_size=\u00bbh3&#8243; uncode_shortcode_id=\u00bb186371&#8243; subheading=\u00bbmoderadamente dif\u00edcil\u00bb]Mirador del Humilladero[\/vc_custom_heading][vc_column_text uncode_shortcode_id=\u00bb119170&#8243;]En esta excursi\u00f3n, caminar\u00e1s hasta un mirador en el peque\u00f1o pueblo de Humilladero. Humilladero es uno de los \u00abpueblos blancos\u00bb y est\u00e1 rodeado de un hermoso paisaje virgen. El mirador est\u00e1 situado en una peque\u00f1a monta\u00f1a, por lo que se requiere un buen nivel b\u00e1sico de forma f\u00edsica. Las rutas de senderismo son f\u00e1ciles de recorrer. El punto de partida de la ruta es el aparcamiento al norte del camping La Sierrecilla en Humilladero (a 3,7 km de Fuente de Piedra).<\/p>\n<p><strong>Duraci\u00f3n:<\/strong> 2h 05min<br \/>\n<strong>Distancia:<\/strong> 7,33 km[\/vc_column_text][\/vc_column][vc_column column_width_percent=\u00bb100&#8243; position_vertical=\u00bbbottom\u00bb align_horizontal=\u00bbalign_right\u00bb gutter_size=\u00bb3&#8243; overlay_alpha=\u00bb50&#8243; shift_x=\u00bb0&#8243; shift_y=\u00bb0&#8243; shift_y_down=\u00bb0&#8243; z_index=\u00bb0&#8243; medium_width=\u00bb0&#8243; mobile_width=\u00bb0&#8243; width=\u00bb1\/3&#8243; uncode_shortcode_id=\u00bb715334&#8243;][vc_button button_color=\u00bbaccent\u00bb border_width=\u00bb0&#8243; link=\u00bburl:https%3A%2F%2Fwww.komoot.com%2Fde-de%2Fsmarttour%2F14589494%2Fzoom%3Fquery%3Dd01AjY9Zf-4XBA%253DFwfcEhZ_mUsPtfKDf_iXPrEWIAAAAA__L7sSEZhGKN1oGuGg|target:_blank|\u00bb uncode_shortcode_id=\u00bb639612&#8243; button_color_type=\u00bbuncode-palette\u00bb]Ver ruta en komoot[\/vc_button][\/vc_column][\/vc_row][vc_row row_height_percent=\u00bb0&#8243; override_padding=\u00bbyes\u00bb h_padding=\u00bb2&#8243; top_padding=\u00bb3&#8243; bottom_padding=\u00bb3&#8243; overlay_color=\u00bbcolor-517719&#8243; overlay_alpha=\u00bb6&#8243; gutter_size=\u00bb4&#8243; column_width_percent=\u00bb100&#8243; shift_y=\u00bb0&#8243; z_index=\u00bb0&#8243; uncode_shortcode_id=\u00bb281883&#8243; overlay_color_type=\u00bbuncode-palette\u00bb][vc_column width=\u00bb2\/3&#8243;][vc_custom_heading heading_semantic=\u00bbh3&#8243; text_size=\u00bbh3&#8243; uncode_shortcode_id=\u00bb846095&#8243; subheading=\u00bbpesado\u00bb]Gran vuelta a la laguna[\/vc_custom_heading][vc_column_text uncode_shortcode_id=\u00bb424310&#8243;]Esta excursi\u00f3n le llevar\u00e1 un poco m\u00e1s lejos alrededor de toda la laguna, pasando por varios miradores. Los senderos son f\u00e1ciles de recorrer, pero para esta excursi\u00f3n se requiere una buena condici\u00f3n f\u00edsica y un buen estado de forma. El punto de partida de la visita es el aparcamiento del centro de visitantes.<\/p>\n<p><strong>Duraci\u00f3n:<\/strong> 5h 23min<br \/>\n<strong>Distancia:<\/strong> 20,70 km[\/vc_column_text][\/vc_column][vc_column column_width_percent=\u00bb100&#8243; position_vertical=\u00bbbottom\u00bb align_horizontal=\u00bbalign_right\u00bb gutter_size=\u00bb3&#8243; overlay_alpha=\u00bb50&#8243; shift_x=\u00bb0&#8243; shift_y=\u00bb0&#8243; shift_y_down=\u00bb0&#8243; z_index=\u00bb0&#8243; medium_width=\u00bb0&#8243; mobile_width=\u00bb0&#8243; width=\u00bb1\/3&#8243; uncode_shortcode_id=\u00bb715334&#8243;][vc_button button_color=\u00bbaccent\u00bb border_width=\u00bb0&#8243; link=\u00bburl:https%3A%2F%2Fwww.komoot.com%2Fde-de%2Fsmarttour%2F5287003%3Ftour_origin%3Dsmart_tour_search|target:_blank|\u00bb uncode_shortcode_id=\u00bb210845&#8243; button_color_type=\u00bbuncode-palette\u00bb]Ver ruta en komoot[\/vc_button][\/vc_column][\/vc_row][vc_row unlock_row_content=\u00bbyes\u00bb row_height_percent=\u00bb0&#8243; override_padding=\u00bbyes\u00bb h_padding=\u00bb0&#8243; top_padding=\u00bb6&#8243; bottom_padding=\u00bb2&#8243; overlay_alpha=\u00bb50&#8243; gutter_size=\u00bb3&#8243; column_width_percent=\u00bb100&#8243; shift_y=\u00bb0&#8243; z_index=\u00bb0&#8243; uncode_shortcode_id=\u00bb387421&#8243; row_name=\u00bbFahrrad\u00bb][vc_column column_width_use_pixel=\u00bbyes\u00bb align_horizontal=\u00bbalign_center\u00bb gutter_size=\u00bb3&#8243; overlay_alpha=\u00bb50&#8243; shift_x=\u00bb0&#8243; shift_y=\u00bb0&#8243; shift_y_down=\u00bb0&#8243; z_index=\u00bb0&#8243; medium_width=\u00bb0&#8243; mobile_width=\u00bb0&#8243; width=\u00bb1\/1&#8243; column_width_pixel=\u00bb600&#8243; uncode_shortcode_id=\u00bb685214&#8243;][vc_custom_heading uncode_shortcode_id=\u00bb591765&#8243;]Bicicleta[\/vc_custom_heading][vc_column_text uncode_shortcode_id=\u00bb214015&#8243; el_class=\u00bbkolumnen\u00bb]La regi\u00f3n de Fuente de Piedra es especialmente popular entre los ciclistas. Hay una gran variedad de rutas ciclistas aptas para todos los p\u00fablicos. Los recorridos tienen distintos niveles de dificultad y diferentes duraciones.[\/vc_column_text][\/vc_column][\/vc_row][vc_row row_height_percent=\u00bb0&#8243; override_padding=\u00bbyes\u00bb h_padding=\u00bb2&#8243; top_padding=\u00bb3&#8243; bottom_padding=\u00bb3&#8243; overlay_color=\u00bbcolor-517719&#8243; overlay_alpha=\u00bb6&#8243; gutter_size=\u00bb4&#8243; column_width_percent=\u00bb100&#8243; shift_y=\u00bb0&#8243; z_index=\u00bb0&#8243; uncode_shortcode_id=\u00bb281883&#8243; overlay_color_type=\u00bbuncode-palette\u00bb][vc_column width=\u00bb2\/3&#8243;][vc_custom_heading heading_semantic=\u00bbh3&#8243; text_size=\u00bbh3&#8243; uncode_shortcode_id=\u00bb759097&#8243; subheading=\u00bbluz\u00bb]Ruta de los flamencos[\/vc_custom_heading][vc_column_text uncode_shortcode_id=\u00bb168090&#8243;]Breve recorrido en bicicleta por la parte oriental de la reserva natural, alrededor de la laguna. El recorrido consiste principalmente en senderos pavimentados y es apto para todos los niveles de forma f\u00edsica. El punto de partida es el aparcamiento del centro de visitantes de la laguna.<\/p>\n<p><strong>Duraci\u00f3n:<\/strong> 1h<br \/>\n<strong>Distancia:<\/strong> 11,80 km[\/vc_column_text][\/vc_column][vc_column column_width_percent=\u00bb100&#8243; position_vertical=\u00bbbottom\u00bb align_horizontal=\u00bbalign_right\u00bb gutter_size=\u00bb3&#8243; overlay_alpha=\u00bb50&#8243; shift_x=\u00bb0&#8243; shift_y=\u00bb0&#8243; shift_y_down=\u00bb0&#8243; z_index=\u00bb0&#8243; medium_width=\u00bb0&#8243; mobile_width=\u00bb0&#8243; width=\u00bb1\/3&#8243; uncode_shortcode_id=\u00bb715334&#8243;][vc_button button_color=\u00bbaccent\u00bb border_width=\u00bb0&#8243; link=\u00bburl:https%3A%2F%2Fwww.komoot.com%2Fde-de%2Fsmarttour%2F14591722%3Ftour_origin%3Dsmart_tour_search|target:_blank|\u00bb uncode_shortcode_id=\u00bb196362&#8243; button_color_type=\u00bbuncode-palette\u00bb]Ver ruta en komoot[\/vc_button][\/vc_column][\/vc_row][vc_row row_height_percent=\u00bb0&#8243; override_padding=\u00bbyes\u00bb h_padding=\u00bb2&#8243; top_padding=\u00bb3&#8243; bottom_padding=\u00bb3&#8243; overlay_color=\u00bbcolor-517719&#8243; overlay_alpha=\u00bb12&#8243; gutter_size=\u00bb4&#8243; column_width_percent=\u00bb100&#8243; shift_y=\u00bb0&#8243; z_index=\u00bb0&#8243; uncode_shortcode_id=\u00bb522639&#8243; overlay_color_type=\u00bbuncode-palette\u00bb][vc_column width=\u00bb2\/3&#8243;][vc_custom_heading heading_semantic=\u00bbh3&#8243; text_size=\u00bbh3&#8243; uncode_shortcode_id=\u00bb132350&#8243; subheading=\u00bbmoderadamente dif\u00edcil\u00bb]Laguna de Fuente de Piedra &#8211; ruta circular[\/vc_custom_heading][vc_column_text uncode_shortcode_id=\u00bb806325&#8243;]El recorrido en bicicleta le llevar\u00e1 por toda la laguna, pasando por varios miradores con pintorescas vistas de la laguna. El recorrido consiste principalmente en senderos pavimentados y requiere un buen nivel b\u00e1sico de forma f\u00edsica. El punto de partida es el aparcamiento del centro de visitantes de la laguna.<\/p>\n<p><strong>Duraci\u00f3n:<\/strong> 1h 25min<br \/>\n<strong>Distancia:<\/strong> 23,30 km[\/vc_column_text][\/vc_column][vc_column column_width_percent=\u00bb100&#8243; position_vertical=\u00bbbottom\u00bb align_horizontal=\u00bbalign_right\u00bb gutter_size=\u00bb3&#8243; overlay_alpha=\u00bb50&#8243; shift_x=\u00bb0&#8243; shift_y=\u00bb0&#8243; shift_y_down=\u00bb0&#8243; z_index=\u00bb0&#8243; medium_width=\u00bb0&#8243; mobile_width=\u00bb0&#8243; width=\u00bb1\/3&#8243; uncode_shortcode_id=\u00bb715334&#8243;][vc_button button_color=\u00bbaccent\u00bb border_width=\u00bb0&#8243; link=\u00bburl:https%3A%2F%2Fwww.komoot.com%2Fde-de%2Fsmarttour%2Fe976820552%2Flaguna-de-fuente-de-piedra-ruta-circular%3Ftour_origin%3Dsmart_tour_search|target:_blank|\u00bb uncode_shortcode_id=\u00bb164528&#8243; button_color_type=\u00bbuncode-palette\u00bb]Ver ruta en komoot[\/vc_button][\/vc_column][\/vc_row][vc_row row_height_percent=\u00bb0&#8243; override_padding=\u00bbyes\u00bb h_padding=\u00bb2&#8243; top_padding=\u00bb3&#8243; bottom_padding=\u00bb3&#8243; overlay_color=\u00bbcolor-517719&#8243; overlay_alpha=\u00bb6&#8243; gutter_size=\u00bb4&#8243; column_width_percent=\u00bb100&#8243; shift_y=\u00bb0&#8243; z_index=\u00bb0&#8243; uncode_shortcode_id=\u00bb281883&#8243; overlay_color_type=\u00bbuncode-palette\u00bb][vc_column width=\u00bb2\/3&#8243;][vc_custom_heading heading_semantic=\u00bbh3&#8243; text_size=\u00bbh3&#8243; uncode_shortcode_id=\u00bb775510&#8243; subheading=\u00bbmoderadamente dif\u00edcil\u00bb]Cerro del Palo y Parque Santill\u00e1n[\/vc_custom_heading][vc_column_text uncode_shortcode_id=\u00bb188157&#8243;]Esta excursi\u00f3n en bicicleta comienza en la reserva natural de la laguna y le lleva a trav\u00e9s del pintoresco y peque\u00f1o Parque de Santill\u00e1n y el hermoso pueblo de Mollina. Los caminos est\u00e1n pavimentados en su mayor parte. Debido a la duraci\u00f3n de la excursi\u00f3n, deber\u00e1 tener un cierto nivel de forma f\u00edsica b\u00e1sico. El punto de partida es el aparcamiento del centro de visitantes de la laguna.<\/p>\n<p><strong>Duraci\u00f3n:<\/strong> 2h 50min<br \/>\n<strong>Distancia:<\/strong> 38,20 km[\/vc_column_text][\/vc_column][vc_column column_width_percent=\u00bb100&#8243; position_vertical=\u00bbbottom\u00bb align_horizontal=\u00bbalign_right\u00bb gutter_size=\u00bb3&#8243; overlay_alpha=\u00bb50&#8243; shift_x=\u00bb0&#8243; shift_y=\u00bb0&#8243; shift_y_down=\u00bb0&#8243; z_index=\u00bb0&#8243; medium_width=\u00bb0&#8243; mobile_width=\u00bb0&#8243; width=\u00bb1\/3&#8243; uncode_shortcode_id=\u00bb715334&#8243;][vc_button button_color=\u00bbaccent\u00bb border_width=\u00bb0&#8243; link=\u00bburl:https%3A%2F%2Fwww.komoot.com%2Fde-de%2Fsmarttour%2F10298304%3Ftour_origin%3Dsmart_tour_search|target:_blank|\u00bb uncode_shortcode_id=\u00bb178960&#8243; button_color_type=\u00bbuncode-palette\u00bb]Ver ruta en komoot[\/vc_button][\/vc_column][\/vc_row]<\/p>\n<\/div>","protected":false},"excerpt":{"rendered":"<p>[vc_row unlock_row_content=\u00bbyes\u00bb row_height_percent=\u00bb0&#8243; override_padding=\u00bbyes\u00bb h_padding=\u00bb0&#8243; top_padding=\u00bb4&#8243; bottom_padding=\u00bb2&#8243; overlay_alpha=\u00bb50&#8243; gutter_size=\u00bb3&#8243; column_width_percent=\u00bb100&#8243; shift_y=\u00bb0&#8243; z_index=\u00bb0&#8243; row_custom_slug_check=\u00bbyes\u00bb uncode_shortcode_id=\u00bb415040&#8243; row_name=\u00bbSt\u00e4dte\u00bb row_custom_slug=\u00bbstaedte\u00bb][vc_column column_width_use_pixel=\u00bbyes\u00bb align_horizontal=\u00bbalign_center\u00bb gutter_size=\u00bb3&#8243; overlay_alpha=\u00bb50&#8243; [&hellip;]<\/p>\n","protected":false},"author":2,"featured_media":1452,"parent":0,"menu_order":8,"comment_status":"closed","ping_status":"closed","template":"","meta":{"iawp_total_views":107,"footnotes":""},"class_list":["post-2081","page","type-page","status-publish","has-post-thumbnail","hentry"],"_links":{"self":[{"href":"https:\/\/www.apartment-lalaguna.com\/es\/wp-json\/wp\/v2\/pages\/2081","targetHints":{"allow":["GET"]}}],"collection":[{"href":"https:\/\/www.apartment-lalaguna.com\/es\/wp-json\/wp\/v2\/pages"}],"about":[{"href":"https:\/\/www.apartment-lalaguna.com\/es\/wp-json\/wp\/v2\/types\/page"}],"author":[{"embeddable":true,"href":"https:\/\/www.apartment-lalaguna.com\/es\/wp-json\/wp\/v2\/users\/2"}],"replies":[{"embeddable":true,"href":"https:\/\/www.apartment-lalaguna.com\/es\/wp-json\/wp\/v2\/comments?post=2081"}],"version-history":[{"count":12,"href":"https:\/\/www.apartment-lalaguna.com\/es\/wp-json\/wp\/v2\/pages\/2081\/revisions"}],"predecessor-version":[{"id":67809,"href":"https:\/\/www.apartment-lalaguna.com\/es\/wp-json\/wp\/v2\/pages\/2081\/revisions\/67809"}],"wp:featuredmedia":[{"embeddable":true,"href":"https:\/\/www.apartment-lalaguna.com\/es\/wp-json\/wp\/v2\/media\/1452"}],"wp:attachment":[{"href":"https:\/\/www.apartment-lalaguna.com\/es\/wp-json\/wp\/v2\/media?parent=2081"}],"curies":[{"name":"wp","href":"https:\/\/api.w.org\/{rel}","templated":true}]}}